{"id":4949,"date":"2023-03-23T11:58:11","date_gmt":"2023-03-23T10:58:11","guid":{"rendered":"https:\/\/ferienwohnungenverwaltung-thiesen.de\/?page_id=4949"},"modified":"2023-03-23T12:14:16","modified_gmt":"2023-03-23T11:14:16","slug":"fewo-emma","status":"publish","type":"page","link":"https:\/\/ferienwohnungenverwaltung-thiesen.de\/?page_id=4949","title":{"rendered":"Fewo Emma"},"content":{"rendered":"\t\t<div data-elementor-type=\"wp-page\" data-elementor-id=\"4949\" class=\"elementor elementor-4949\">\n\t\t\t\t\t\t\t\t\t<section class=\"elementor-section elementor-top-section elementor-element elementor-element-514f7fb elementor-section-boxed elementor-section-height-default elementor-section-height-default\" data-id=\"514f7fb\" data-element_type=\"section\">\n\t\t\t\t\t\t<div class=\"elementor-container elementor-column-gap-default\">\n\t\t\t\t\t<div class=\"elementor-column elementor-col-100 elementor-top-column elementor-element elementor-element-5411d8a\" data-id=\"5411d8a\" data-element_type=\"column\">\n\t\t\t<div class=\"elementor-widget-wrap elementor-element-populated\">\n\t\t\t\t\t\t\t\t<div class=\"elementor-element elementor-element-da4a5cb elementor-widget elementor-widget-text-editor\" data-id=\"da4a5cb\" data-element_type=\"widget\" data-widget_type=\"text-editor.default\">\n\t\t\t\t<div class=\"elementor-widget-container\">\n\t\t\t\t\t\t\t<h3><b><u>FERIENWOHNUNG Emma ,\u00a0 f\u00fcr 2\u00a0 Personen<\/u><\/b><\/h3><p>\u00a0<\/p><p>gem\u00fctliche kleine Ferienwohnung im Stadtteil Kues in<br \/>zentraler Lage, im 1 OG.<\/p><p>\u00a0<\/p><p>Dr. G\u00e4rtel-Weg 1\u00a0<\/p><p>54470 Bernkastel-Kues<\/p><p>\u00a0<\/p><p>Mindestbelegung 3 N\u00e4chte in der Hauptsaison.<\/p><p>K\u00fcrzere Aufenthalte nur auf Anfrage m\u00f6glich.<\/p><p>\u00a0<\/p><p><b><span style=\"color: black; background-image: initial; background-position: initial; background-size: initial; background-repeat: initial; background-attachment: initial; background-origin: initial; background-clip: initial;\">Ausstattung:<\/span><\/b><\/p><p>\u00a0<\/p><p><b><\/b><span style=\"color: black; background-image: initial; background-position: initial; background-size: initial; background-repeat: initial; background-attachment: initial; background-origin: initial; background-clip: initial;\">1 offenes Schlafzimmer (1 x 1,60 x 2,00 m Bett)<\/span><br \/><span style=\"color: black; background-image: initial; background-position: initial; background-size: initial; background-repeat: initial; background-attachment: initial; background-origin: initial; background-clip: initial;\">Wohn- \/ Esszimmer mit kleiner K\u00fcchenzeile<\/span><br \/><span style=\"color: black; background-image: initial; background-position: initial; background-size: initial; background-repeat: initial; background-attachment: initial; background-origin: initial; background-clip: initial;\">Bad mit ebenerdiger Dusche und WC<\/span><br \/><span style=\"color: black; background-image: initial; background-position: initial; background-size: initial; background-repeat: initial; background-attachment: initial; background-origin: initial; background-clip: initial;\">Balkon<\/span><\/p><p><span style=\"color: black; background-image: initial; background-position: initial; background-size: initial; background-repeat: initial; background-attachment: initial; background-origin: initial; background-clip: initial;\">1 Stellplatz<\/span><\/p><p><span style=\"color: black; background-image: initial; background-position: initial; background-size: initial; background-repeat: initial; background-attachment: initial; background-origin: initial; background-clip: initial;\">WLAN<\/span><\/p><p><span style=\"color: black; background-image: initial; background-position: initial; background-size: initial; background-repeat: initial; background-attachment: initial; background-origin: initial; background-clip: initial;\">\u00a0<\/span><\/p><p><!-- index.php -->\n<div\n\tclass=\"ngg-galleryoverview ngg-ajax-pagination-none\"\n\tid=\"ngg-gallery-4edd5ed627bbf9f650bfc95c0a722acf-1\">\n\n    \t<div class=\"slideshowlink\">\n        <a href='https:\/\/ferienwohnungenverwaltung-thiesen.de\/index.php\/nggallery\/slideshow?page_id=4949'>[Zeige eine Slideshow]<\/a>\n\t\t\n\t<\/div>\n\t\t\t<!-- Thumbnails -->\n\t\t\t\t<div id=\"ngg-image-0\" class=\"ngg-gallery-thumbnail-box\" >\n\t\t\t\t        <div class=\"ngg-gallery-thumbnail\">\n            <a href=\"https:\/\/ferienwohnungenverwaltung-thiesen.de\/wp-content\/gallery\/emma\/BW3A7669.jpg\"\n               title=\"\"\n               data-src=\"https:\/\/ferienwohnungenverwaltung-thiesen.de\/wp-content\/gallery\/emma\/BW3A7669.jpg\"\n               data-thumbnail=\"https:\/\/ferienwohnungenverwaltung-thiesen.de\/wp-content\/gallery\/emma\/thumbs\/thumbs_BW3A7669.jpg\"\n               data-image-id=\"1720\"\n               data-title=\"BW3A7669\"\n               data-description=\"\"\n               data-image-slug=\"bw3a7669\"\n               class=\"ngg-fancybox\" rel=\"4edd5ed627bbf9f650bfc95c0a722acf\">\n                <img decoding=\"async\" loading=\"lazy\"\n                    title=\"BW3A7669\"\n                    alt=\"BW3A7669\"\n                    src=\"https:\/\/ferienwohnungenverwaltung-thiesen.de\/wp-content\/gallery\/emma\/thumbs\/thumbs_BW3A7669.jpg\"\n                    width=\"240\"\n                    height=\"160\"\n                    style=\"max-width:100%;\"\n                \/>\n            <\/a>\n        <\/div>\n\t\t\t\t\t\t\t<\/div> \n\t\t\t\n        \n\t\t\t\t<div id=\"ngg-image-1\" class=\"ngg-gallery-thumbnail-box\" >\n\t\t\t\t        <div class=\"ngg-gallery-thumbnail\">\n            <a href=\"https:\/\/ferienwohnungenverwaltung-thiesen.de\/wp-content\/gallery\/emma\/BW3A7670.jpg\"\n               title=\"\"\n               data-src=\"https:\/\/ferienwohnungenverwaltung-thiesen.de\/wp-content\/gallery\/emma\/BW3A7670.jpg\"\n               data-thumbnail=\"https:\/\/ferienwohnungenverwaltung-thiesen.de\/wp-content\/gallery\/emma\/thumbs\/thumbs_BW3A7670.jpg\"\n               data-image-id=\"1721\"\n               data-title=\"BW3A7670\"\n               data-description=\"\"\n               data-image-slug=\"bw3a7670\"\n               class=\"ngg-fancybox\" rel=\"4edd5ed627bbf9f650bfc95c0a722acf\">\n                <img decoding=\"async\" loading=\"lazy\"\n                    title=\"BW3A7670\"\n                    alt=\"BW3A7670\"\n                    src=\"https:\/\/ferienwohnungenverwaltung-thiesen.de\/wp-content\/gallery\/emma\/thumbs\/thumbs_BW3A7670.jpg\"\n                    width=\"240\"\n                    height=\"160\"\n                    style=\"max-width:100%;\"\n                \/>\n            <\/a>\n        <\/div>\n\t\t\t\t\t\t\t<\/div> \n\t\t\t\n        \n\t\t\t\t<div id=\"ngg-image-2\" class=\"ngg-gallery-thumbnail-box\" >\n\t\t\t\t        <div class=\"ngg-gallery-thumbnail\">\n            <a href=\"https:\/\/ferienwohnungenverwaltung-thiesen.de\/wp-content\/gallery\/emma\/BW3A7672.jpg\"\n               title=\"\"\n               data-src=\"https:\/\/ferienwohnungenverwaltung-thiesen.de\/wp-content\/gallery\/emma\/BW3A7672.jpg\"\n               data-thumbnail=\"https:\/\/ferienwohnungenverwaltung-thiesen.de\/wp-content\/gallery\/emma\/thumbs\/thumbs_BW3A7672.jpg\"\n               data-image-id=\"1722\"\n               data-title=\"BW3A7672\"\n               data-description=\"\"\n               data-image-slug=\"bw3a7672\"\n               class=\"ngg-fancybox\" rel=\"4edd5ed627bbf9f650bfc95c0a722acf\">\n                <img decoding=\"async\" loading=\"lazy\"\n                    title=\"BW3A7672\"\n                    alt=\"BW3A7672\"\n                    src=\"https:\/\/ferienwohnungenverwaltung-thiesen.de\/wp-content\/gallery\/emma\/thumbs\/thumbs_BW3A7672.jpg\"\n                    width=\"240\"\n                    height=\"160\"\n                    style=\"max-width:100%;\"\n                \/>\n            <\/a>\n        <\/div>\n\t\t\t\t\t\t\t<\/div> \n\t\t\t\n        \n\t\t\t\t<div id=\"ngg-image-3\" class=\"ngg-gallery-thumbnail-box\" >\n\t\t\t\t        <div class=\"ngg-gallery-thumbnail\">\n            <a href=\"https:\/\/ferienwohnungenverwaltung-thiesen.de\/wp-content\/gallery\/emma\/BW3A7663.jpg\"\n               title=\"\"\n               data-src=\"https:\/\/ferienwohnungenverwaltung-thiesen.de\/wp-content\/gallery\/emma\/BW3A7663.jpg\"\n               data-thumbnail=\"https:\/\/ferienwohnungenverwaltung-thiesen.de\/wp-content\/gallery\/emma\/thumbs\/thumbs_BW3A7663.jpg\"\n               data-image-id=\"1723\"\n               data-title=\"BW3A7663\"\n               data-description=\"\"\n               data-image-slug=\"bw3a7663\"\n               class=\"ngg-fancybox\" rel=\"4edd5ed627bbf9f650bfc95c0a722acf\">\n                <img decoding=\"async\" loading=\"lazy\"\n                    title=\"BW3A7663\"\n                    alt=\"BW3A7663\"\n                    src=\"https:\/\/ferienwohnungenverwaltung-thiesen.de\/wp-content\/gallery\/emma\/thumbs\/thumbs_BW3A7663.jpg\"\n                    width=\"240\"\n                    height=\"160\"\n                    style=\"max-width:100%;\"\n                \/>\n            <\/a>\n        <\/div>\n\t\t\t\t\t\t\t<\/div> \n\t\t\t\n        \n\t\t\t\t<div id=\"ngg-image-4\" class=\"ngg-gallery-thumbnail-box\" >\n\t\t\t\t        <div class=\"ngg-gallery-thumbnail\">\n            <a href=\"https:\/\/ferienwohnungenverwaltung-thiesen.de\/wp-content\/gallery\/emma\/BW3A7652.jpg\"\n               title=\"\"\n               data-src=\"https:\/\/ferienwohnungenverwaltung-thiesen.de\/wp-content\/gallery\/emma\/BW3A7652.jpg\"\n               data-thumbnail=\"https:\/\/ferienwohnungenverwaltung-thiesen.de\/wp-content\/gallery\/emma\/thumbs\/thumbs_BW3A7652.jpg\"\n               data-image-id=\"1724\"\n               data-title=\"BW3A7652\"\n               data-description=\"\"\n               data-image-slug=\"bw3a7652\"\n               class=\"ngg-fancybox\" rel=\"4edd5ed627bbf9f650bfc95c0a722acf\">\n                <img decoding=\"async\" loading=\"lazy\"\n                    title=\"BW3A7652\"\n                    alt=\"BW3A7652\"\n                    src=\"https:\/\/ferienwohnungenverwaltung-thiesen.de\/wp-content\/gallery\/emma\/thumbs\/thumbs_BW3A7652.jpg\"\n                    width=\"240\"\n                    height=\"160\"\n                    style=\"max-width:100%;\"\n                \/>\n            <\/a>\n        <\/div>\n\t\t\t\t\t\t\t<\/div> \n\t\t\t\n        \n\t\t\t\t<div id=\"ngg-image-5\" class=\"ngg-gallery-thumbnail-box\" >\n\t\t\t\t        <div class=\"ngg-gallery-thumbnail\">\n            <a href=\"https:\/\/ferienwohnungenverwaltung-thiesen.de\/wp-content\/gallery\/emma\/BW3A7655.jpg\"\n               title=\"\"\n               data-src=\"https:\/\/ferienwohnungenverwaltung-thiesen.de\/wp-content\/gallery\/emma\/BW3A7655.jpg\"\n               data-thumbnail=\"https:\/\/ferienwohnungenverwaltung-thiesen.de\/wp-content\/gallery\/emma\/thumbs\/thumbs_BW3A7655.jpg\"\n               data-image-id=\"1725\"\n               data-title=\"BW3A7655\"\n               data-description=\"\"\n               data-image-slug=\"bw3a7655\"\n               class=\"ngg-fancybox\" rel=\"4edd5ed627bbf9f650bfc95c0a722acf\">\n                <img decoding=\"async\" loading=\"lazy\"\n                    title=\"BW3A7655\"\n                    alt=\"BW3A7655\"\n                    src=\"https:\/\/ferienwohnungenverwaltung-thiesen.de\/wp-content\/gallery\/emma\/thumbs\/thumbs_BW3A7655.jpg\"\n                    width=\"240\"\n                    height=\"160\"\n                    style=\"max-width:100%;\"\n                \/>\n            <\/a>\n        <\/div>\n\t\t\t\t\t\t\t<\/div> \n\t\t\t\n        \n\t\t\t\t<div id=\"ngg-image-6\" class=\"ngg-gallery-thumbnail-box\" >\n\t\t\t\t        <div class=\"ngg-gallery-thumbnail\">\n            <a href=\"https:\/\/ferienwohnungenverwaltung-thiesen.de\/wp-content\/gallery\/emma\/BW3A7679_HDR.jpg\"\n               title=\"\"\n               data-src=\"https:\/\/ferienwohnungenverwaltung-thiesen.de\/wp-content\/gallery\/emma\/BW3A7679_HDR.jpg\"\n               data-thumbnail=\"https:\/\/ferienwohnungenverwaltung-thiesen.de\/wp-content\/gallery\/emma\/thumbs\/thumbs_BW3A7679_HDR.jpg\"\n               data-image-id=\"1726\"\n               data-title=\"BW3A7679_HDR\"\n               data-description=\"\"\n               data-image-slug=\"bw3a7679_hdr\"\n               class=\"ngg-fancybox\" rel=\"4edd5ed627bbf9f650bfc95c0a722acf\">\n                <img decoding=\"async\" loading=\"lazy\"\n                    title=\"BW3A7679_HDR\"\n                    alt=\"BW3A7679_HDR\"\n                    src=\"https:\/\/ferienwohnungenverwaltung-thiesen.de\/wp-content\/gallery\/emma\/thumbs\/thumbs_BW3A7679_HDR.jpg\"\n                    width=\"240\"\n                    height=\"160\"\n                    style=\"max-width:100%;\"\n                \/>\n            <\/a>\n        <\/div>\n\t\t\t\t\t\t\t<\/div> \n\t\t\t\n        \n\t\t\t\t<div id=\"ngg-image-7\" class=\"ngg-gallery-thumbnail-box\" >\n\t\t\t\t        <div class=\"ngg-gallery-thumbnail\">\n            <a href=\"https:\/\/ferienwohnungenverwaltung-thiesen.de\/wp-content\/gallery\/emma\/BW3A7683_HDR.jpg\"\n               title=\"\"\n               data-src=\"https:\/\/ferienwohnungenverwaltung-thiesen.de\/wp-content\/gallery\/emma\/BW3A7683_HDR.jpg\"\n               data-thumbnail=\"https:\/\/ferienwohnungenverwaltung-thiesen.de\/wp-content\/gallery\/emma\/thumbs\/thumbs_BW3A7683_HDR.jpg\"\n               data-image-id=\"1727\"\n               data-title=\"BW3A7683_HDR\"\n               data-description=\"\"\n               data-image-slug=\"bw3a7683_hdr\"\n               class=\"ngg-fancybox\" rel=\"4edd5ed627bbf9f650bfc95c0a722acf\">\n                <img decoding=\"async\" loading=\"lazy\"\n                    title=\"BW3A7683_HDR\"\n                    alt=\"BW3A7683_HDR\"\n                    src=\"https:\/\/ferienwohnungenverwaltung-thiesen.de\/wp-content\/gallery\/emma\/thumbs\/thumbs_BW3A7683_HDR.jpg\"\n                    width=\"240\"\n                    height=\"160\"\n                    style=\"max-width:100%;\"\n                \/>\n            <\/a>\n        <\/div>\n\t\t\t\t\t\t\t<\/div> \n\t\t\t\n        \n\t\t\t\t<div id=\"ngg-image-8\" class=\"ngg-gallery-thumbnail-box\" >\n\t\t\t\t        <div class=\"ngg-gallery-thumbnail\">\n            <a href=\"https:\/\/ferienwohnungenverwaltung-thiesen.de\/wp-content\/gallery\/emma\/BW3A7687.jpg\"\n               title=\"\"\n               data-src=\"https:\/\/ferienwohnungenverwaltung-thiesen.de\/wp-content\/gallery\/emma\/BW3A7687.jpg\"\n               data-thumbnail=\"https:\/\/ferienwohnungenverwaltung-thiesen.de\/wp-content\/gallery\/emma\/thumbs\/thumbs_BW3A7687.jpg\"\n               data-image-id=\"1728\"\n               data-title=\"BW3A7687\"\n               data-description=\"\"\n               data-image-slug=\"bw3a7687\"\n               class=\"ngg-fancybox\" rel=\"4edd5ed627bbf9f650bfc95c0a722acf\">\n                <img decoding=\"async\" loading=\"lazy\"\n                    title=\"BW3A7687\"\n                    alt=\"BW3A7687\"\n                    src=\"https:\/\/ferienwohnungenverwaltung-thiesen.de\/wp-content\/gallery\/emma\/thumbs\/thumbs_BW3A7687.jpg\"\n                    width=\"240\"\n                    height=\"160\"\n                    style=\"max-width:100%;\"\n                \/>\n            <\/a>\n        <\/div>\n\t\t\t\t\t\t\t<\/div> \n\t\t\t\n        \n\t\t\t\t<div id=\"ngg-image-9\" class=\"ngg-gallery-thumbnail-box\" >\n\t\t\t\t        <div class=\"ngg-gallery-thumbnail\">\n            <a href=\"https:\/\/ferienwohnungenverwaltung-thiesen.de\/wp-content\/gallery\/emma\/BW3A7692.jpg\"\n               title=\"\"\n               data-src=\"https:\/\/ferienwohnungenverwaltung-thiesen.de\/wp-content\/gallery\/emma\/BW3A7692.jpg\"\n               data-thumbnail=\"https:\/\/ferienwohnungenverwaltung-thiesen.de\/wp-content\/gallery\/emma\/thumbs\/thumbs_BW3A7692.jpg\"\n               data-image-id=\"1729\"\n               data-title=\"BW3A7692\"\n               data-description=\"\"\n               data-image-slug=\"bw3a7692\"\n               class=\"ngg-fancybox\" rel=\"4edd5ed627bbf9f650bfc95c0a722acf\">\n                <img decoding=\"async\" loading=\"lazy\"\n                    title=\"BW3A7692\"\n                    alt=\"BW3A7692\"\n                    src=\"https:\/\/ferienwohnungenverwaltung-thiesen.de\/wp-content\/gallery\/emma\/thumbs\/thumbs_BW3A7692.jpg\"\n                    width=\"240\"\n                    height=\"160\"\n                    style=\"max-width:100%;\"\n                \/>\n            <\/a>\n        <\/div>\n\t\t\t\t\t\t\t<\/div> \n\t\t\t\n        \n\t\t\t\t<div id=\"ngg-image-10\" class=\"ngg-gallery-thumbnail-box\" >\n\t\t\t\t        <div class=\"ngg-gallery-thumbnail\">\n            <a href=\"https:\/\/ferienwohnungenverwaltung-thiesen.de\/wp-content\/gallery\/emma\/BW3A7706.jpg\"\n               title=\"\"\n               data-src=\"https:\/\/ferienwohnungenverwaltung-thiesen.de\/wp-content\/gallery\/emma\/BW3A7706.jpg\"\n               data-thumbnail=\"https:\/\/ferienwohnungenverwaltung-thiesen.de\/wp-content\/gallery\/emma\/thumbs\/thumbs_BW3A7706.jpg\"\n               data-image-id=\"1730\"\n               data-title=\"BW3A7706\"\n               data-description=\"\"\n               data-image-slug=\"bw3a7706\"\n               class=\"ngg-fancybox\" rel=\"4edd5ed627bbf9f650bfc95c0a722acf\">\n                <img decoding=\"async\" loading=\"lazy\"\n                    title=\"BW3A7706\"\n                    alt=\"BW3A7706\"\n                    src=\"https:\/\/ferienwohnungenverwaltung-thiesen.de\/wp-content\/gallery\/emma\/thumbs\/thumbs_BW3A7706.jpg\"\n                    width=\"240\"\n                    height=\"160\"\n                    style=\"max-width:100%;\"\n                \/>\n            <\/a>\n        <\/div>\n\t\t\t\t\t\t\t<\/div> \n\t\t\t\n        \n\t\t\t\t<div id=\"ngg-image-11\" class=\"ngg-gallery-thumbnail-box\" >\n\t\t\t\t        <div class=\"ngg-gallery-thumbnail\">\n            <a href=\"https:\/\/ferienwohnungenverwaltung-thiesen.de\/wp-content\/gallery\/emma\/BW3A7701.jpg\"\n               title=\"\"\n               data-src=\"https:\/\/ferienwohnungenverwaltung-thiesen.de\/wp-content\/gallery\/emma\/BW3A7701.jpg\"\n               data-thumbnail=\"https:\/\/ferienwohnungenverwaltung-thiesen.de\/wp-content\/gallery\/emma\/thumbs\/thumbs_BW3A7701.jpg\"\n               data-image-id=\"1731\"\n               data-title=\"BW3A7701\"\n               data-description=\"\"\n               data-image-slug=\"bw3a7701\"\n               class=\"ngg-fancybox\" rel=\"4edd5ed627bbf9f650bfc95c0a722acf\">\n                <img decoding=\"async\" loading=\"lazy\"\n                    title=\"BW3A7701\"\n                    alt=\"BW3A7701\"\n                    src=\"https:\/\/ferienwohnungenverwaltung-thiesen.de\/wp-content\/gallery\/emma\/thumbs\/thumbs_BW3A7701.jpg\"\n                    width=\"240\"\n                    height=\"160\"\n                    style=\"max-width:100%;\"\n                \/>\n            <\/a>\n        <\/div>\n\t\t\t\t\t\t\t<\/div> \n\t\t\t\n        \n\t\t\t\t<div id=\"ngg-image-12\" class=\"ngg-gallery-thumbnail-box\" >\n\t\t\t\t        <div class=\"ngg-gallery-thumbnail\">\n            <a href=\"https:\/\/ferienwohnungenverwaltung-thiesen.de\/wp-content\/gallery\/emma\/BW3A7698.jpg\"\n               title=\"\"\n               data-src=\"https:\/\/ferienwohnungenverwaltung-thiesen.de\/wp-content\/gallery\/emma\/BW3A7698.jpg\"\n               data-thumbnail=\"https:\/\/ferienwohnungenverwaltung-thiesen.de\/wp-content\/gallery\/emma\/thumbs\/thumbs_BW3A7698.jpg\"\n               data-image-id=\"1732\"\n               data-title=\"BW3A7698\"\n               data-description=\"\"\n               data-image-slug=\"bw3a7698\"\n               class=\"ngg-fancybox\" rel=\"4edd5ed627bbf9f650bfc95c0a722acf\">\n                <img decoding=\"async\" loading=\"lazy\"\n                    title=\"BW3A7698\"\n                    alt=\"BW3A7698\"\n                    src=\"https:\/\/ferienwohnungenverwaltung-thiesen.de\/wp-content\/gallery\/emma\/thumbs\/thumbs_BW3A7698.jpg\"\n                    width=\"240\"\n                    height=\"160\"\n                    style=\"max-width:100%;\"\n                \/>\n            <\/a>\n        <\/div>\n\t\t\t\t\t\t\t<\/div> \n\t\t\t\n        \n\t\t\t\t<div id=\"ngg-image-13\" class=\"ngg-gallery-thumbnail-box\" >\n\t\t\t\t        <div class=\"ngg-gallery-thumbnail\">\n            <a href=\"https:\/\/ferienwohnungenverwaltung-thiesen.de\/wp-content\/gallery\/emma\/BW3A7703.jpg\"\n               title=\"\"\n               data-src=\"https:\/\/ferienwohnungenverwaltung-thiesen.de\/wp-content\/gallery\/emma\/BW3A7703.jpg\"\n               data-thumbnail=\"https:\/\/ferienwohnungenverwaltung-thiesen.de\/wp-content\/gallery\/emma\/thumbs\/thumbs_BW3A7703.jpg\"\n               data-image-id=\"1733\"\n               data-title=\"BW3A7703\"\n               data-description=\"\"\n               data-image-slug=\"bw3a7703\"\n               class=\"ngg-fancybox\" rel=\"4edd5ed627bbf9f650bfc95c0a722acf\">\n                <img decoding=\"async\" loading=\"lazy\"\n                    title=\"BW3A7703\"\n                    alt=\"BW3A7703\"\n                    src=\"https:\/\/ferienwohnungenverwaltung-thiesen.de\/wp-content\/gallery\/emma\/thumbs\/thumbs_BW3A7703.jpg\"\n                    width=\"240\"\n                    height=\"160\"\n                    style=\"max-width:100%;\"\n                \/>\n            <\/a>\n        <\/div>\n\t\t\t\t\t\t\t<\/div> \n\t\t\t\n        \n\t\t\t\t<div id=\"ngg-image-14\" class=\"ngg-gallery-thumbnail-box\" >\n\t\t\t\t        <div class=\"ngg-gallery-thumbnail\">\n            <a href=\"https:\/\/ferienwohnungenverwaltung-thiesen.de\/wp-content\/gallery\/emma\/BW3A7707.jpg\"\n               title=\"\"\n               data-src=\"https:\/\/ferienwohnungenverwaltung-thiesen.de\/wp-content\/gallery\/emma\/BW3A7707.jpg\"\n               data-thumbnail=\"https:\/\/ferienwohnungenverwaltung-thiesen.de\/wp-content\/gallery\/emma\/thumbs\/thumbs_BW3A7707.jpg\"\n               data-image-id=\"1734\"\n               data-title=\"BW3A7707\"\n               data-description=\"\"\n               data-image-slug=\"bw3a7707\"\n               class=\"ngg-fancybox\" rel=\"4edd5ed627bbf9f650bfc95c0a722acf\">\n                <img decoding=\"async\" loading=\"lazy\"\n                    title=\"BW3A7707\"\n                    alt=\"BW3A7707\"\n                    src=\"https:\/\/ferienwohnungenverwaltung-thiesen.de\/wp-content\/gallery\/emma\/thumbs\/thumbs_BW3A7707.jpg\"\n                    width=\"240\"\n                    height=\"160\"\n                    style=\"max-width:100%;\"\n                \/>\n            <\/a>\n        <\/div>\n\t\t\t\t\t\t\t<\/div> \n\t\t\t\n        \n\t\t\t\t<div id=\"ngg-image-15\" class=\"ngg-gallery-thumbnail-box\" >\n\t\t\t\t        <div class=\"ngg-gallery-thumbnail\">\n            <a href=\"https:\/\/ferienwohnungenverwaltung-thiesen.de\/wp-content\/gallery\/emma\/BW3A7705.jpg\"\n               title=\"\"\n               data-src=\"https:\/\/ferienwohnungenverwaltung-thiesen.de\/wp-content\/gallery\/emma\/BW3A7705.jpg\"\n               data-thumbnail=\"https:\/\/ferienwohnungenverwaltung-thiesen.de\/wp-content\/gallery\/emma\/thumbs\/thumbs_BW3A7705.jpg\"\n               data-image-id=\"1735\"\n               data-title=\"BW3A7705\"\n               data-description=\"\"\n               data-image-slug=\"bw3a7705\"\n               class=\"ngg-fancybox\" rel=\"4edd5ed627bbf9f650bfc95c0a722acf\">\n                <img decoding=\"async\" loading=\"lazy\"\n                    title=\"BW3A7705\"\n                    alt=\"BW3A7705\"\n                    src=\"https:\/\/ferienwohnungenverwaltung-thiesen.de\/wp-content\/gallery\/emma\/thumbs\/thumbs_BW3A7705.jpg\"\n                    width=\"240\"\n                    height=\"160\"\n                    style=\"max-width:100%;\"\n                \/>\n            <\/a>\n        <\/div>\n\t\t\t\t\t\t\t<\/div> \n\t\t\t\n        \n\t\t\t\t<div id=\"ngg-image-16\" class=\"ngg-gallery-thumbnail-box\" >\n\t\t\t\t        <div class=\"ngg-gallery-thumbnail\">\n            <a href=\"https:\/\/ferienwohnungenverwaltung-thiesen.de\/wp-content\/gallery\/emma\/BW3A7711.jpg\"\n               title=\"\"\n               data-src=\"https:\/\/ferienwohnungenverwaltung-thiesen.de\/wp-content\/gallery\/emma\/BW3A7711.jpg\"\n               data-thumbnail=\"https:\/\/ferienwohnungenverwaltung-thiesen.de\/wp-content\/gallery\/emma\/thumbs\/thumbs_BW3A7711.jpg\"\n               data-image-id=\"1736\"\n               data-title=\"BW3A7711\"\n               data-description=\"\"\n               data-image-slug=\"bw3a7711\"\n               class=\"ngg-fancybox\" rel=\"4edd5ed627bbf9f650bfc95c0a722acf\">\n                <img decoding=\"async\" loading=\"lazy\"\n                    title=\"BW3A7711\"\n                    alt=\"BW3A7711\"\n                    src=\"https:\/\/ferienwohnungenverwaltung-thiesen.de\/wp-content\/gallery\/emma\/thumbs\/thumbs_BW3A7711.jpg\"\n                    width=\"240\"\n                    height=\"160\"\n                    style=\"max-width:100%;\"\n                \/>\n            <\/a>\n        <\/div>\n\t\t\t\t\t\t\t<\/div> \n\t\t\t\n        \n\t\t\t\t<div id=\"ngg-image-17\" class=\"ngg-gallery-thumbnail-box\" >\n\t\t\t\t        <div class=\"ngg-gallery-thumbnail\">\n            <a href=\"https:\/\/ferienwohnungenverwaltung-thiesen.de\/wp-content\/gallery\/emma\/BW3A7712.jpg\"\n               title=\"\"\n               data-src=\"https:\/\/ferienwohnungenverwaltung-thiesen.de\/wp-content\/gallery\/emma\/BW3A7712.jpg\"\n               data-thumbnail=\"https:\/\/ferienwohnungenverwaltung-thiesen.de\/wp-content\/gallery\/emma\/thumbs\/thumbs_BW3A7712.jpg\"\n               data-image-id=\"1737\"\n               data-title=\"BW3A7712\"\n               data-description=\"\"\n               data-image-slug=\"bw3a7712\"\n               class=\"ngg-fancybox\" rel=\"4edd5ed627bbf9f650bfc95c0a722acf\">\n                <img decoding=\"async\" loading=\"lazy\"\n                    title=\"BW3A7712\"\n                    alt=\"BW3A7712\"\n                    src=\"https:\/\/ferienwohnungenverwaltung-thiesen.de\/wp-content\/gallery\/emma\/thumbs\/thumbs_BW3A7712.jpg\"\n                    width=\"240\"\n                    height=\"160\"\n                    style=\"max-width:100%;\"\n                \/>\n            <\/a>\n        <\/div>\n\t\t\t\t\t\t\t<\/div> \n\t\t\t\n        \n\t\t\t\t<div id=\"ngg-image-18\" class=\"ngg-gallery-thumbnail-box\" >\n\t\t\t\t        <div class=\"ngg-gallery-thumbnail\">\n            <a href=\"https:\/\/ferienwohnungenverwaltung-thiesen.de\/wp-content\/gallery\/emma\/BW3A7708.jpg\"\n               title=\"\"\n               data-src=\"https:\/\/ferienwohnungenverwaltung-thiesen.de\/wp-content\/gallery\/emma\/BW3A7708.jpg\"\n               data-thumbnail=\"https:\/\/ferienwohnungenverwaltung-thiesen.de\/wp-content\/gallery\/emma\/thumbs\/thumbs_BW3A7708.jpg\"\n               data-image-id=\"1738\"\n               data-title=\"BW3A7708\"\n               data-description=\"\"\n               data-image-slug=\"bw3a7708\"\n               class=\"ngg-fancybox\" rel=\"4edd5ed627bbf9f650bfc95c0a722acf\">\n                <img decoding=\"async\" loading=\"lazy\"\n                    title=\"BW3A7708\"\n                    alt=\"BW3A7708\"\n                    src=\"https:\/\/ferienwohnungenverwaltung-thiesen.de\/wp-content\/gallery\/emma\/thumbs\/thumbs_BW3A7708.jpg\"\n                    width=\"240\"\n                    height=\"160\"\n                    style=\"max-width:100%;\"\n                \/>\n            <\/a>\n        <\/div>\n\t\t\t\t\t\t\t<\/div> \n\t\t\t\n        \n\t\t\t\t<div id=\"ngg-image-19\" class=\"ngg-gallery-thumbnail-box\" >\n\t\t\t\t        <div class=\"ngg-gallery-thumbnail\">\n            <a href=\"https:\/\/ferienwohnungenverwaltung-thiesen.de\/wp-content\/gallery\/emma\/BW3A7713.jpg\"\n               title=\"\"\n               data-src=\"https:\/\/ferienwohnungenverwaltung-thiesen.de\/wp-content\/gallery\/emma\/BW3A7713.jpg\"\n               data-thumbnail=\"https:\/\/ferienwohnungenverwaltung-thiesen.de\/wp-content\/gallery\/emma\/thumbs\/thumbs_BW3A7713.jpg\"\n               data-image-id=\"1739\"\n               data-title=\"BW3A7713\"\n               data-description=\"\"\n               data-image-slug=\"bw3a7713\"\n               class=\"ngg-fancybox\" rel=\"4edd5ed627bbf9f650bfc95c0a722acf\">\n                <img decoding=\"async\" loading=\"lazy\"\n                    title=\"BW3A7713\"\n                    alt=\"BW3A7713\"\n                    src=\"https:\/\/ferienwohnungenverwaltung-thiesen.de\/wp-content\/gallery\/emma\/thumbs\/thumbs_BW3A7713.jpg\"\n                    width=\"240\"\n                    height=\"160\"\n                    style=\"max-width:100%;\"\n                \/>\n            <\/a>\n        <\/div>\n\t\t\t\t\t\t\t<\/div> \n\t\t\t\n        \n\t\t\n\t\t<!-- Pagination -->\n\t<div class='ngg-navigation'><span class='current'>1<\/span>\n<a class='page-numbers' data-pageid='2' href='https:\/\/ferienwohnungenverwaltung-thiesen.de\/index.php\/nggallery\/page\/2?page_id=4949'>2<\/a>\n<a class='prev' href='https:\/\/ferienwohnungenverwaltung-thiesen.de\/index.php\/nggallery\/page\/2?page_id=4949' data-pageid=2>&#9658;<\/a><\/div>\t<\/div>\n<\/p><p>\u00a0<\/p>\t\t\t\t\t\t<\/div>\n\t\t\t\t<\/div>\n\t\t\t\t\t<\/div>\n\t\t<\/div>\n\t\t\t\t\t\t\t<\/div>\n\t\t<\/section>\n\t\t\t\t<section class=\"elementor-section elementor-top-section elementor-element elementor-element-8695537 elementor-section-boxed elementor-section-height-default elementor-section-height-default\" data-id=\"8695537\" data-element_type=\"section\">\n\t\t\t\t\t\t<div class=\"elementor-container elementor-column-gap-default\">\n\t\t\t\t\t<div class=\"elementor-column elementor-col-100 elementor-top-column elementor-element elementor-element-e9c1f5f\" data-id=\"e9c1f5f\" data-element_type=\"column\">\n\t\t\t<div class=\"elementor-widget-wrap elementor-element-populated\">\n\t\t\t\t\t\t\t\t<div class=\"elementor-element elementor-element-3bdf47b elementor-widget elementor-widget-shortcode\" data-id=\"3bdf47b\" data-element_type=\"widget\" data-widget_type=\"shortcode.default\">\n\t\t\t\t<div class=\"elementor-widget-container\">\n\t\t\t\t\t<div class=\"elementor-shortcode\"><div id=\"pricesFrame\"><\/div>\n<script type=\"text\/javascript\" src=\"\/\/www.easy-booking.at\/ebPlugins\/prices\/jquery.easybooking.pricelist.v2.js\"><\/script>\n<script type=\"text\/javascript\">\nfunction ebPricesLoadedCheck() {\n    if(typeof jQuery != \"undefined\") {\n        if(jQuery.fn.ebPricelist) {\n            jQuery(\"#pricesFrame\").ebPricelist({\n                customerId: 5056,\n                serialNo: \"8770-9186-9623\",\n                localeId: 2,\n                loadCSS : true,\n                arrivalDate : \"\",\n                category : \"54\",\n                showAvailability: true,\n                enquiryPage : \"popup\",\n                bookingPage : \"popup\",\n                bookingEngine: 2\n            });\n        } else{setTimeout(ebPricesLoadedCheck,200);}\n    }else{setTimeout(ebPricesLoadedCheck,200);}\n}\nebPricesLoadedCheck();\n<\/script>\n\n             <\/div>\n\t\t\t\t<\/div>\n\t\t\t\t<\/div>\n\t\t\t\t\t<\/div>\n\t\t<\/div>\n\t\t\t\t\t\t\t<\/div>\n\t\t<\/section>\n\t\t\t\t\t\t\t<\/div>\n\t\t","protected":false},"excerpt":{"rendered":"<p>FERIENWOHNUNG Emma ,\u00a0 f\u00fcr 2\u00a0 Personen \u00a0 gem\u00fctliche kleine Ferienwohnung im Stadtteil Kues inzentraler Lage, im 1 OG. \u00a0 Dr. G\u00e4rtel-Weg 1\u00a0 54470 Bernkastel-Kues \u00a0 Mindestbelegung 3 N\u00e4chte in der Hauptsaison. K\u00fcrzere Aufenthalte nur auf Anfrage m\u00f6glich. \u00a0 Ausstattung: \u00a0 1 offenes Schlafzimmer (1 x 1,60 x 2,00 m Bett)Wohn- \/ Esszimmer mit kleiner K\u00fcchenzeileBad [&hellip;]<\/p>\n","protected":false},"author":1,"featured_media":0,"parent":0,"menu_order":0,"comment_status":"closed","ping_status":"closed","template":"","meta":{"ngg_post_thumbnail":0},"_links":{"self":[{"href":"https:\/\/ferienwohnungenverwaltung-thiesen.de\/index.php?rest_route=\/wp\/v2\/pages\/4949"}],"collection":[{"href":"https:\/\/ferienwohnungenverwaltung-thiesen.de\/index.php?rest_route=\/wp\/v2\/pages"}],"about":[{"href":"https:\/\/ferienwohnungenverwaltung-thiesen.de\/index.php?rest_route=\/wp\/v2\/types\/page"}],"author":[{"embeddable":true,"href":"https:\/\/ferienwohnungenverwaltung-thiesen.de\/index.php?rest_route=\/wp\/v2\/users\/1"}],"replies":[{"embeddable":true,"href":"https:\/\/ferienwohnungenverwaltung-thiesen.de\/index.php?rest_route=%2Fwp%2Fv2%2Fcomments&post=4949"}],"version-history":[{"count":16,"href":"https:\/\/ferienwohnungenverwaltung-thiesen.de\/index.php?rest_route=\/wp\/v2\/pages\/4949\/revisions"}],"predecessor-version":[{"id":5040,"href":"https:\/\/ferienwohnungenverwaltung-thiesen.de\/index.php?rest_route=\/wp\/v2\/pages\/4949\/revisions\/5040"}],"wp:attachment":[{"href":"https:\/\/ferienwohnungenverwaltung-thiesen.de\/index.php?rest_route=%2Fwp%2Fv2%2Fmedia&parent=4949"}],"curies":[{"name":"wp","href":"https:\/\/api.w.org\/{rel}","templated":true}]}}