{"id":91,"date":"2017-03-28T12:32:51","date_gmt":"2017-03-28T10:32:51","guid":{"rendered":"http:\/\/ferienwohnungenverwaltung-thiesen.de\/?page_id=91"},"modified":"2023-03-23T11:47:07","modified_gmt":"2023-03-23T10:47:07","slug":"alte-brauerei-in-bernkastel","status":"publish","type":"page","link":"https:\/\/ferienwohnungenverwaltung-thiesen.de\/?page_id=91","title":{"rendered":"&#8222;Alte Brauerei&#8220; in Bernkastel"},"content":{"rendered":"\t\t<div data-elementor-type=\"wp-page\" data-elementor-id=\"91\" class=\"elementor elementor-91\">\n\t\t\t\t\t\t\t\t\t<section class=\"elementor-section elementor-top-section elementor-element elementor-element-1fa54751 elementor-section-boxed elementor-section-height-default elementor-section-height-default\" data-id=\"1fa54751\" data-element_type=\"section\">\n\t\t\t\t\t\t<div class=\"elementor-container elementor-column-gap-default\">\n\t\t\t\t\t<div class=\"elementor-column elementor-col-100 elementor-top-column elementor-element elementor-element-3ea83df5\" data-id=\"3ea83df5\" data-element_type=\"column\">\n\t\t\t<div class=\"elementor-widget-wrap elementor-element-populated\">\n\t\t\t\t\t\t\t\t<div class=\"elementor-element elementor-element-25e26fac elementor-widget__width-inherit elementor-widget elementor-widget-text-editor\" data-id=\"25e26fac\" data-element_type=\"widget\" data-widget_type=\"text-editor.default\">\n\t\t\t\t<div class=\"elementor-widget-container\">\n\t\t\t\t\t\t\t<hr \/><h3>\u00a0<\/h3><h3><span style=\"letter-spacing: 0px; word-spacing: 0.1em;\"><u><b>ALTE BRAUEREI<\/b><\/u><\/span><\/h3><p>6 traumhafte, moderne Ferienwohnungen mit einzigartigem Moselpanorama am Stadtrand von Bernkastel.<\/p><p>Jede Wohnung verf\u00fcgt \u00fcber einen Tiefgaragen-Stellplatz.<\/p><p>Andeler Weg 4<\/p><p>54470 Bernkastel-Kues<\/p><p>Mindestbelegung 5 N\u00e4chte in der Hauptsaison.\u00a0<\/p><p>K\u00fcrzere Aufenthalte nur auf Anfrage m\u00f6glich.\u00a0<\/p><p><b><u>Wohnung Nr. 3, 1. Etage, 2 \u2013 4 Personen<\/u><\/b><\/p><p><b><u>Ausstattung:<\/u><\/b><\/p><p>2 Schlafzimmer mit Doppelbett (1 x 1,60 x 2,00 m und 1 x 1,40 x 2,00 m)<\/p><p>Wohn-\/ Essraum mit K\u00fcche<\/p><p>1 Badezimmer mit ebenerdiger Dusche und WC<\/p><p>Abstellraum<\/p><p>Balkon mit Moselblick<\/p><p>WLAN<\/p><p><p>no images were found<\/p>\n<\/p><p><b><u>Wohnung Nr. 4, 1. Etage, 2 \u2013 7 Personen<\/u><\/b><\/p><p><b><u>Ausstattung:<\/u><\/b><\/p><p>2 Schlafzimmer mit Doppelbett (1,80 x 2,00 m)<\/p><p>Wohn- \/Essraum mit K\u00fcche<\/p><p>1 Badezimmer mit ebenerdiger Dusche und WC<\/p><p>G\u00e4ste WC<\/p><p>Abstellraum<\/p><p>Balkon<\/p><p>WLAN<\/p><p><!-- index.php -->\n<div\n\tclass=\"ngg-galleryoverview ngg-ajax-pagination-none\"\n\tid=\"ngg-gallery-eb2a0d3d797a7daa260a36d3e36d532e-1\">\n\n    \t<div class=\"slideshowlink\">\n        <a href='https:\/\/ferienwohnungenverwaltung-thiesen.de\/index.php\/nggallery\/slideshow?page_id=91'>[Zeige eine Slideshow]<\/a>\n\t\t\n\t<\/div>\n\t\t\t<!-- Thumbnails -->\n\t\t\t\t<div id=\"ngg-image-0\" class=\"ngg-gallery-thumbnail-box\" >\n\t\t\t\t        <div class=\"ngg-gallery-thumbnail\">\n            <a href=\"https:\/\/ferienwohnungenverwaltung-thiesen.de\/wp-content\/gallery\/wohnung-4\/6A2A0212_web.jpg\"\n               title=\"Wohnzimmer\"\n               data-src=\"https:\/\/ferienwohnungenverwaltung-thiesen.de\/wp-content\/gallery\/wohnung-4\/6A2A0212_web.jpg\"\n               data-thumbnail=\"https:\/\/ferienwohnungenverwaltung-thiesen.de\/wp-content\/gallery\/wohnung-4\/thumbs\/thumbs_6A2A0212_web.jpg\"\n               data-image-id=\"54\"\n               data-title=\"6A2A0212_web\"\n               data-description=\"Wohnzimmer\"\n               data-image-slug=\"6a2a0212_web\"\n               class=\"ngg-fancybox\" rel=\"eb2a0d3d797a7daa260a36d3e36d532e\">\n                <img decoding=\"async\" loading=\"lazy\"\n                    title=\"6A2A0212_web\"\n                    alt=\"6A2A0212_web\"\n                    src=\"https:\/\/ferienwohnungenverwaltung-thiesen.de\/wp-content\/gallery\/wohnung-4\/thumbs\/thumbs_6A2A0212_web.jpg\"\n                    width=\"240\"\n                    height=\"160\"\n                    style=\"max-width:100%;\"\n                \/>\n            <\/a>\n        <\/div>\n\t\t\t\t\t\t\t<\/div> \n\t\t\t\n        \n\t\t\t\t<div id=\"ngg-image-1\" class=\"ngg-gallery-thumbnail-box\" >\n\t\t\t\t        <div class=\"ngg-gallery-thumbnail\">\n            <a href=\"https:\/\/ferienwohnungenverwaltung-thiesen.de\/wp-content\/gallery\/wohnung-4\/6A2A0215_web.jpg\"\n               title=\"Essbereich\"\n               data-src=\"https:\/\/ferienwohnungenverwaltung-thiesen.de\/wp-content\/gallery\/wohnung-4\/6A2A0215_web.jpg\"\n               data-thumbnail=\"https:\/\/ferienwohnungenverwaltung-thiesen.de\/wp-content\/gallery\/wohnung-4\/thumbs\/thumbs_6A2A0215_web.jpg\"\n               data-image-id=\"55\"\n               data-title=\"6A2A0215_web\"\n               data-description=\"Essbereich\"\n               data-image-slug=\"6a2a0215_web\"\n               class=\"ngg-fancybox\" rel=\"eb2a0d3d797a7daa260a36d3e36d532e\">\n                <img decoding=\"async\" loading=\"lazy\"\n                    title=\"6A2A0215_web\"\n                    alt=\"6A2A0215_web\"\n                    src=\"https:\/\/ferienwohnungenverwaltung-thiesen.de\/wp-content\/gallery\/wohnung-4\/thumbs\/thumbs_6A2A0215_web.jpg\"\n                    width=\"240\"\n                    height=\"160\"\n                    style=\"max-width:100%;\"\n                \/>\n            <\/a>\n        <\/div>\n\t\t\t\t\t\t\t<\/div> \n\t\t\t\n        \n\t\t\t\t<div id=\"ngg-image-2\" class=\"ngg-gallery-thumbnail-box\" >\n\t\t\t\t        <div class=\"ngg-gallery-thumbnail\">\n            <a href=\"https:\/\/ferienwohnungenverwaltung-thiesen.de\/wp-content\/gallery\/wohnung-4\/6A2A0216_web.jpg\"\n               title=\"\"\n               data-src=\"https:\/\/ferienwohnungenverwaltung-thiesen.de\/wp-content\/gallery\/wohnung-4\/6A2A0216_web.jpg\"\n               data-thumbnail=\"https:\/\/ferienwohnungenverwaltung-thiesen.de\/wp-content\/gallery\/wohnung-4\/thumbs\/thumbs_6A2A0216_web.jpg\"\n               data-image-id=\"56\"\n               data-title=\"6A2A0216_web\"\n               data-description=\"\"\n               data-image-slug=\"6a2a0216_web\"\n               class=\"ngg-fancybox\" rel=\"eb2a0d3d797a7daa260a36d3e36d532e\">\n                <img decoding=\"async\" loading=\"lazy\"\n                    title=\"6A2A0216_web\"\n                    alt=\"6A2A0216_web\"\n                    src=\"https:\/\/ferienwohnungenverwaltung-thiesen.de\/wp-content\/gallery\/wohnung-4\/thumbs\/thumbs_6A2A0216_web.jpg\"\n                    width=\"240\"\n                    height=\"160\"\n                    style=\"max-width:100%;\"\n                \/>\n            <\/a>\n        <\/div>\n\t\t\t\t\t\t\t<\/div> \n\t\t\t\n        \n\t\t\t\t<div id=\"ngg-image-3\" class=\"ngg-gallery-thumbnail-box\" >\n\t\t\t\t        <div class=\"ngg-gallery-thumbnail\">\n            <a href=\"https:\/\/ferienwohnungenverwaltung-thiesen.de\/wp-content\/gallery\/wohnung-4\/6A2A0218_web.jpg\"\n               title=\"\"\n               data-src=\"https:\/\/ferienwohnungenverwaltung-thiesen.de\/wp-content\/gallery\/wohnung-4\/6A2A0218_web.jpg\"\n               data-thumbnail=\"https:\/\/ferienwohnungenverwaltung-thiesen.de\/wp-content\/gallery\/wohnung-4\/thumbs\/thumbs_6A2A0218_web.jpg\"\n               data-image-id=\"58\"\n               data-title=\"6A2A0218_web\"\n               data-description=\"\"\n               data-image-slug=\"6a2a0218_web\"\n               class=\"ngg-fancybox\" rel=\"eb2a0d3d797a7daa260a36d3e36d532e\">\n                <img decoding=\"async\" loading=\"lazy\"\n                    title=\"6A2A0218_web\"\n                    alt=\"6A2A0218_web\"\n                    src=\"https:\/\/ferienwohnungenverwaltung-thiesen.de\/wp-content\/gallery\/wohnung-4\/thumbs\/thumbs_6A2A0218_web.jpg\"\n                    width=\"240\"\n                    height=\"160\"\n                    style=\"max-width:100%;\"\n                \/>\n            <\/a>\n        <\/div>\n\t\t\t\t\t\t\t<\/div> \n\t\t\t\n        \n\t\t\t\t<div id=\"ngg-image-4\" class=\"ngg-gallery-thumbnail-box\" >\n\t\t\t\t        <div class=\"ngg-gallery-thumbnail\">\n            <a href=\"https:\/\/ferienwohnungenverwaltung-thiesen.de\/wp-content\/gallery\/wohnung-4\/6A2A0217_web.jpg\"\n               title=\"K\u00fcche\"\n               data-src=\"https:\/\/ferienwohnungenverwaltung-thiesen.de\/wp-content\/gallery\/wohnung-4\/6A2A0217_web.jpg\"\n               data-thumbnail=\"https:\/\/ferienwohnungenverwaltung-thiesen.de\/wp-content\/gallery\/wohnung-4\/thumbs\/thumbs_6A2A0217_web.jpg\"\n               data-image-id=\"57\"\n               data-title=\"6A2A0217_web\"\n               data-description=\"K\u00fcche\"\n               data-image-slug=\"6a2a0217_web\"\n               class=\"ngg-fancybox\" rel=\"eb2a0d3d797a7daa260a36d3e36d532e\">\n                <img decoding=\"async\" loading=\"lazy\"\n                    title=\"6A2A0217_web\"\n                    alt=\"6A2A0217_web\"\n                    src=\"https:\/\/ferienwohnungenverwaltung-thiesen.de\/wp-content\/gallery\/wohnung-4\/thumbs\/thumbs_6A2A0217_web.jpg\"\n                    width=\"240\"\n                    height=\"160\"\n                    style=\"max-width:100%;\"\n                \/>\n            <\/a>\n        <\/div>\n\t\t\t\t\t\t\t<\/div> \n\t\t\t\n        \n\t\t\t\t<div id=\"ngg-image-5\" class=\"ngg-gallery-thumbnail-box\" >\n\t\t\t\t        <div class=\"ngg-gallery-thumbnail\">\n            <a href=\"https:\/\/ferienwohnungenverwaltung-thiesen.de\/wp-content\/gallery\/wohnung-4\/6A2A0219_web.jpg\"\n               title=\"Flur\"\n               data-src=\"https:\/\/ferienwohnungenverwaltung-thiesen.de\/wp-content\/gallery\/wohnung-4\/6A2A0219_web.jpg\"\n               data-thumbnail=\"https:\/\/ferienwohnungenverwaltung-thiesen.de\/wp-content\/gallery\/wohnung-4\/thumbs\/thumbs_6A2A0219_web.jpg\"\n               data-image-id=\"59\"\n               data-title=\"6A2A0219_web\"\n               data-description=\"Flur\"\n               data-image-slug=\"6a2a0219_web\"\n               class=\"ngg-fancybox\" rel=\"eb2a0d3d797a7daa260a36d3e36d532e\">\n                <img decoding=\"async\" loading=\"lazy\"\n                    title=\"6A2A0219_web\"\n                    alt=\"6A2A0219_web\"\n                    src=\"https:\/\/ferienwohnungenverwaltung-thiesen.de\/wp-content\/gallery\/wohnung-4\/thumbs\/thumbs_6A2A0219_web.jpg\"\n                    width=\"240\"\n                    height=\"160\"\n                    style=\"max-width:100%;\"\n                \/>\n            <\/a>\n        <\/div>\n\t\t\t\t\t\t\t<\/div> \n\t\t\t\n        \n\t\t\t\t<div id=\"ngg-image-6\" class=\"ngg-gallery-thumbnail-box\" >\n\t\t\t\t        <div class=\"ngg-gallery-thumbnail\">\n            <a href=\"https:\/\/ferienwohnungenverwaltung-thiesen.de\/wp-content\/gallery\/wohnung-4\/6A2A0221_web.jpg\"\n               title=\"Schlafzimmer 1\"\n               data-src=\"https:\/\/ferienwohnungenverwaltung-thiesen.de\/wp-content\/gallery\/wohnung-4\/6A2A0221_web.jpg\"\n               data-thumbnail=\"https:\/\/ferienwohnungenverwaltung-thiesen.de\/wp-content\/gallery\/wohnung-4\/thumbs\/thumbs_6A2A0221_web.jpg\"\n               data-image-id=\"60\"\n               data-title=\"6A2A0221_web\"\n               data-description=\"Schlafzimmer 1\"\n               data-image-slug=\"6a2a0221_web\"\n               class=\"ngg-fancybox\" rel=\"eb2a0d3d797a7daa260a36d3e36d532e\">\n                <img decoding=\"async\" loading=\"lazy\"\n                    title=\"6A2A0221_web\"\n                    alt=\"6A2A0221_web\"\n                    src=\"https:\/\/ferienwohnungenverwaltung-thiesen.de\/wp-content\/gallery\/wohnung-4\/thumbs\/thumbs_6A2A0221_web.jpg\"\n                    width=\"240\"\n                    height=\"160\"\n                    style=\"max-width:100%;\"\n                \/>\n            <\/a>\n        <\/div>\n\t\t\t\t\t\t\t<\/div> \n\t\t\t\n        \n\t\t\t\t<div id=\"ngg-image-7\" class=\"ngg-gallery-thumbnail-box\" >\n\t\t\t\t        <div class=\"ngg-gallery-thumbnail\">\n            <a href=\"https:\/\/ferienwohnungenverwaltung-thiesen.de\/wp-content\/gallery\/wohnung-4\/6A2A0229_web.jpg\"\n               title=\"Schlafzimmer 2\"\n               data-src=\"https:\/\/ferienwohnungenverwaltung-thiesen.de\/wp-content\/gallery\/wohnung-4\/6A2A0229_web.jpg\"\n               data-thumbnail=\"https:\/\/ferienwohnungenverwaltung-thiesen.de\/wp-content\/gallery\/wohnung-4\/thumbs\/thumbs_6A2A0229_web.jpg\"\n               data-image-id=\"66\"\n               data-title=\"6A2A0229_web\"\n               data-description=\"Schlafzimmer 2\"\n               data-image-slug=\"6a2a0229_web\"\n               class=\"ngg-fancybox\" rel=\"eb2a0d3d797a7daa260a36d3e36d532e\">\n                <img decoding=\"async\" loading=\"lazy\"\n                    title=\"6A2A0229_web\"\n                    alt=\"6A2A0229_web\"\n                    src=\"https:\/\/ferienwohnungenverwaltung-thiesen.de\/wp-content\/gallery\/wohnung-4\/thumbs\/thumbs_6A2A0229_web.jpg\"\n                    width=\"240\"\n                    height=\"160\"\n                    style=\"max-width:100%;\"\n                \/>\n            <\/a>\n        <\/div>\n\t\t\t\t\t\t\t<\/div> \n\t\t\t\n        \n\t\t\t\t<div id=\"ngg-image-8\" class=\"ngg-gallery-thumbnail-box\" >\n\t\t\t\t        <div class=\"ngg-gallery-thumbnail\">\n            <a href=\"https:\/\/ferienwohnungenverwaltung-thiesen.de\/wp-content\/gallery\/wohnung-4\/6A2A0235_web.jpg\"\n               title=\"Bad\"\n               data-src=\"https:\/\/ferienwohnungenverwaltung-thiesen.de\/wp-content\/gallery\/wohnung-4\/6A2A0235_web.jpg\"\n               data-thumbnail=\"https:\/\/ferienwohnungenverwaltung-thiesen.de\/wp-content\/gallery\/wohnung-4\/thumbs\/thumbs_6A2A0235_web.jpg\"\n               data-image-id=\"62\"\n               data-title=\"6A2A0235_web\"\n               data-description=\"Bad\"\n               data-image-slug=\"6a2a0235_web\"\n               class=\"ngg-fancybox\" rel=\"eb2a0d3d797a7daa260a36d3e36d532e\">\n                <img decoding=\"async\" loading=\"lazy\"\n                    title=\"6A2A0235_web\"\n                    alt=\"6A2A0235_web\"\n                    src=\"https:\/\/ferienwohnungenverwaltung-thiesen.de\/wp-content\/gallery\/wohnung-4\/thumbs\/thumbs_6A2A0235_web.jpg\"\n                    width=\"240\"\n                    height=\"160\"\n                    style=\"max-width:100%;\"\n                \/>\n            <\/a>\n        <\/div>\n\t\t\t\t\t\t\t<\/div> \n\t\t\t\n        \n\t\t\t\t<div id=\"ngg-image-9\" class=\"ngg-gallery-thumbnail-box\" >\n\t\t\t\t        <div class=\"ngg-gallery-thumbnail\">\n            <a href=\"https:\/\/ferienwohnungenverwaltung-thiesen.de\/wp-content\/gallery\/wohnung-4\/6A2A0241_web.jpg\"\n               title=\"ebenerdige Dusche\"\n               data-src=\"https:\/\/ferienwohnungenverwaltung-thiesen.de\/wp-content\/gallery\/wohnung-4\/6A2A0241_web.jpg\"\n               data-thumbnail=\"https:\/\/ferienwohnungenverwaltung-thiesen.de\/wp-content\/gallery\/wohnung-4\/thumbs\/thumbs_6A2A0241_web.jpg\"\n               data-image-id=\"64\"\n               data-title=\"6A2A0241_web\"\n               data-description=\"ebenerdige Dusche\"\n               data-image-slug=\"6a2a0241_web\"\n               class=\"ngg-fancybox\" rel=\"eb2a0d3d797a7daa260a36d3e36d532e\">\n                <img decoding=\"async\" loading=\"lazy\"\n                    title=\"6A2A0241_web\"\n                    alt=\"6A2A0241_web\"\n                    src=\"https:\/\/ferienwohnungenverwaltung-thiesen.de\/wp-content\/gallery\/wohnung-4\/thumbs\/thumbs_6A2A0241_web.jpg\"\n                    width=\"240\"\n                    height=\"160\"\n                    style=\"max-width:100%;\"\n                \/>\n            <\/a>\n        <\/div>\n\t\t\t\t\t\t\t<\/div> \n\t\t\t\n        \n\t\t\t\t<div id=\"ngg-image-10\" class=\"ngg-gallery-thumbnail-box\" >\n\t\t\t\t        <div class=\"ngg-gallery-thumbnail\">\n            <a href=\"https:\/\/ferienwohnungenverwaltung-thiesen.de\/wp-content\/gallery\/wohnung-4\/6A2A0238_web.jpg\"\n               title=\"\"\n               data-src=\"https:\/\/ferienwohnungenverwaltung-thiesen.de\/wp-content\/gallery\/wohnung-4\/6A2A0238_web.jpg\"\n               data-thumbnail=\"https:\/\/ferienwohnungenverwaltung-thiesen.de\/wp-content\/gallery\/wohnung-4\/thumbs\/thumbs_6A2A0238_web.jpg\"\n               data-image-id=\"63\"\n               data-title=\"6A2A0238_web\"\n               data-description=\"\"\n               data-image-slug=\"6a2a0238_web\"\n               class=\"ngg-fancybox\" rel=\"eb2a0d3d797a7daa260a36d3e36d532e\">\n                <img decoding=\"async\" loading=\"lazy\"\n                    title=\"6A2A0238_web\"\n                    alt=\"6A2A0238_web\"\n                    src=\"https:\/\/ferienwohnungenverwaltung-thiesen.de\/wp-content\/gallery\/wohnung-4\/thumbs\/thumbs_6A2A0238_web.jpg\"\n                    width=\"240\"\n                    height=\"160\"\n                    style=\"max-width:100%;\"\n                \/>\n            <\/a>\n        <\/div>\n\t\t\t\t\t\t\t<\/div> \n\t\t\t\n        \n\t\t\t\t<div id=\"ngg-image-11\" class=\"ngg-gallery-thumbnail-box\" >\n\t\t\t\t        <div class=\"ngg-gallery-thumbnail\">\n            <a href=\"https:\/\/ferienwohnungenverwaltung-thiesen.de\/wp-content\/gallery\/wohnung-4\/6A2A0232_web.jpg\"\n               title=\"G\u00e4ste WC\"\n               data-src=\"https:\/\/ferienwohnungenverwaltung-thiesen.de\/wp-content\/gallery\/wohnung-4\/6A2A0232_web.jpg\"\n               data-thumbnail=\"https:\/\/ferienwohnungenverwaltung-thiesen.de\/wp-content\/gallery\/wohnung-4\/thumbs\/thumbs_6A2A0232_web.jpg\"\n               data-image-id=\"61\"\n               data-title=\"6A2A0232_web\"\n               data-description=\"G\u00e4ste WC\"\n               data-image-slug=\"6a2a0232_web\"\n               class=\"ngg-fancybox\" rel=\"eb2a0d3d797a7daa260a36d3e36d532e\">\n                <img decoding=\"async\" loading=\"lazy\"\n                    title=\"6A2A0232_web\"\n                    alt=\"6A2A0232_web\"\n                    src=\"https:\/\/ferienwohnungenverwaltung-thiesen.de\/wp-content\/gallery\/wohnung-4\/thumbs\/thumbs_6A2A0232_web.jpg\"\n                    width=\"240\"\n                    height=\"160\"\n                    style=\"max-width:100%;\"\n                \/>\n            <\/a>\n        <\/div>\n\t\t\t\t\t\t\t<\/div> \n\t\t\t\n        \n\t\t\t\t<div id=\"ngg-image-12\" class=\"ngg-gallery-thumbnail-box\" >\n\t\t\t\t        <div class=\"ngg-gallery-thumbnail\">\n            <a href=\"https:\/\/ferienwohnungenverwaltung-thiesen.de\/wp-content\/gallery\/wohnung-4\/6A2A0243_web.jpg\"\n               title=\"Balkon\"\n               data-src=\"https:\/\/ferienwohnungenverwaltung-thiesen.de\/wp-content\/gallery\/wohnung-4\/6A2A0243_web.jpg\"\n               data-thumbnail=\"https:\/\/ferienwohnungenverwaltung-thiesen.de\/wp-content\/gallery\/wohnung-4\/thumbs\/thumbs_6A2A0243_web.jpg\"\n               data-image-id=\"65\"\n               data-title=\"6A2A0243_web\"\n               data-description=\"Balkon\"\n               data-image-slug=\"6a2a0243_web\"\n               class=\"ngg-fancybox\" rel=\"eb2a0d3d797a7daa260a36d3e36d532e\">\n                <img decoding=\"async\" loading=\"lazy\"\n                    title=\"6A2A0243_web\"\n                    alt=\"6A2A0243_web\"\n                    src=\"https:\/\/ferienwohnungenverwaltung-thiesen.de\/wp-content\/gallery\/wohnung-4\/thumbs\/thumbs_6A2A0243_web.jpg\"\n                    width=\"240\"\n                    height=\"160\"\n                    style=\"max-width:100%;\"\n                \/>\n            <\/a>\n        <\/div>\n\t\t\t\t\t\t\t<\/div> \n\t\t\t\n        \n\t\t\n\t\t<!-- Pagination -->\n\t<div class='ngg-clear'><\/div>\t<\/div>\n<\/p><p><b><u>Wohnung Nr. 6, 2. Etage, 2-4 Personen <\/u><\/b><\/p><p><b><u>Ausstattung:<\/u><\/b><\/p><p>2 Schlafzimmer mit Doppelbett (1 x 1,80 x 2,00 m, 1 x 1,60 m x 2,00m)<\/p><p>Wohn- \/Essraum mit K\u00fcche<\/p><p>1 Badezimmer mit ebenerdiger Dusche<\/p><p>Separates WC<\/p><p>Abstellraum<\/p><p>Balkon<\/p><p>WLAN<\/p><p><!-- index.php -->\n<div\n\tclass=\"ngg-galleryoverview ngg-ajax-pagination-none\"\n\tid=\"ngg-gallery-70c56b1981a3ebd9af39f189b7c54862-1\">\n\n    \t<div class=\"slideshowlink\">\n        <a href='https:\/\/ferienwohnungenverwaltung-thiesen.de\/index.php\/nggallery\/slideshow?page_id=91'>[Zeige eine Slideshow]<\/a>\n\t\t\n\t<\/div>\n\t\t\t<!-- Thumbnails -->\n\t\t\t\t<div id=\"ngg-image-0\" class=\"ngg-gallery-thumbnail-box\" >\n\t\t\t\t        <div class=\"ngg-gallery-thumbnail\">\n            <a href=\"https:\/\/ferienwohnungenverwaltung-thiesen.de\/wp-content\/gallery\/wohnung-6\/Schaefer-Fewo0739b.jpg\"\n               title=\"Essbereich\"\n               data-src=\"https:\/\/ferienwohnungenverwaltung-thiesen.de\/wp-content\/gallery\/wohnung-6\/Schaefer-Fewo0739b.jpg\"\n               data-thumbnail=\"https:\/\/ferienwohnungenverwaltung-thiesen.de\/wp-content\/gallery\/wohnung-6\/thumbs\/thumbs_Schaefer-Fewo0739b.jpg\"\n               data-image-id=\"12\"\n               data-title=\"Schaefer-Fewo0739b\"\n               data-description=\"Essbereich\"\n               data-image-slug=\"schaefer-fewo0739b\"\n               class=\"ngg-fancybox\" rel=\"70c56b1981a3ebd9af39f189b7c54862\">\n                <img decoding=\"async\" loading=\"lazy\"\n                    title=\"Schaefer-Fewo0739b\"\n                    alt=\"Schaefer-Fewo0739b\"\n                    src=\"https:\/\/ferienwohnungenverwaltung-thiesen.de\/wp-content\/gallery\/wohnung-6\/thumbs\/thumbs_Schaefer-Fewo0739b.jpg\"\n                    width=\"240\"\n                    height=\"160\"\n                    style=\"max-width:100%;\"\n                \/>\n            <\/a>\n        <\/div>\n\t\t\t\t\t\t\t<\/div> \n\t\t\t\n        \n\t\t\t\t<div id=\"ngg-image-1\" class=\"ngg-gallery-thumbnail-box\" >\n\t\t\t\t        <div class=\"ngg-gallery-thumbnail\">\n            <a href=\"https:\/\/ferienwohnungenverwaltung-thiesen.de\/wp-content\/gallery\/wohnung-6\/Schaefer-Fewo0721b.jpg\"\n               title=\"K\u00fcche\"\n               data-src=\"https:\/\/ferienwohnungenverwaltung-thiesen.de\/wp-content\/gallery\/wohnung-6\/Schaefer-Fewo0721b.jpg\"\n               data-thumbnail=\"https:\/\/ferienwohnungenverwaltung-thiesen.de\/wp-content\/gallery\/wohnung-6\/thumbs\/thumbs_Schaefer-Fewo0721b.jpg\"\n               data-image-id=\"11\"\n               data-title=\"Schaefer-Fewo0721b\"\n               data-description=\"K\u00fcche\"\n               data-image-slug=\"schaefer-fewo0721b\"\n               class=\"ngg-fancybox\" rel=\"70c56b1981a3ebd9af39f189b7c54862\">\n                <img decoding=\"async\" loading=\"lazy\"\n                    title=\"Schaefer-Fewo0721b\"\n                    alt=\"Schaefer-Fewo0721b\"\n                    src=\"https:\/\/ferienwohnungenverwaltung-thiesen.de\/wp-content\/gallery\/wohnung-6\/thumbs\/thumbs_Schaefer-Fewo0721b.jpg\"\n                    width=\"240\"\n                    height=\"160\"\n                    style=\"max-width:100%;\"\n                \/>\n            <\/a>\n        <\/div>\n\t\t\t\t\t\t\t<\/div> \n\t\t\t\n        \n\t\t\t\t<div id=\"ngg-image-2\" class=\"ngg-gallery-thumbnail-box\" >\n\t\t\t\t        <div class=\"ngg-gallery-thumbnail\">\n            <a href=\"https:\/\/ferienwohnungenverwaltung-thiesen.de\/wp-content\/gallery\/wohnung-6\/Schaefer-Fewo0782b.jpg\"\n               title=\"Wohnzimmer\"\n               data-src=\"https:\/\/ferienwohnungenverwaltung-thiesen.de\/wp-content\/gallery\/wohnung-6\/Schaefer-Fewo0782b.jpg\"\n               data-thumbnail=\"https:\/\/ferienwohnungenverwaltung-thiesen.de\/wp-content\/gallery\/wohnung-6\/thumbs\/thumbs_Schaefer-Fewo0782b.jpg\"\n               data-image-id=\"15\"\n               data-title=\"Schaefer-Fewo0782b\"\n               data-description=\"Wohnzimmer\"\n               data-image-slug=\"schaefer-fewo0782b\"\n               class=\"ngg-fancybox\" rel=\"70c56b1981a3ebd9af39f189b7c54862\">\n                <img decoding=\"async\" loading=\"lazy\"\n                    title=\"Schaefer-Fewo0782b\"\n                    alt=\"Schaefer-Fewo0782b\"\n                    src=\"https:\/\/ferienwohnungenverwaltung-thiesen.de\/wp-content\/gallery\/wohnung-6\/thumbs\/thumbs_Schaefer-Fewo0782b.jpg\"\n                    width=\"240\"\n                    height=\"160\"\n                    style=\"max-width:100%;\"\n                \/>\n            <\/a>\n        <\/div>\n\t\t\t\t\t\t\t<\/div> \n\t\t\t\n        \n\t\t\t\t<div id=\"ngg-image-3\" class=\"ngg-gallery-thumbnail-box\" >\n\t\t\t\t        <div class=\"ngg-gallery-thumbnail\">\n            <a href=\"https:\/\/ferienwohnungenverwaltung-thiesen.de\/wp-content\/gallery\/wohnung-6\/Schaefer-Fewo0750b.jpg\"\n               title=\"\"\n               data-src=\"https:\/\/ferienwohnungenverwaltung-thiesen.de\/wp-content\/gallery\/wohnung-6\/Schaefer-Fewo0750b.jpg\"\n               data-thumbnail=\"https:\/\/ferienwohnungenverwaltung-thiesen.de\/wp-content\/gallery\/wohnung-6\/thumbs\/thumbs_Schaefer-Fewo0750b.jpg\"\n               data-image-id=\"13\"\n               data-title=\"Schaefer-Fewo0750b\"\n               data-description=\"\"\n               data-image-slug=\"schaefer-fewo0750b\"\n               class=\"ngg-fancybox\" rel=\"70c56b1981a3ebd9af39f189b7c54862\">\n                <img decoding=\"async\" loading=\"lazy\"\n                    title=\"Schaefer-Fewo0750b\"\n                    alt=\"Schaefer-Fewo0750b\"\n                    src=\"https:\/\/ferienwohnungenverwaltung-thiesen.de\/wp-content\/gallery\/wohnung-6\/thumbs\/thumbs_Schaefer-Fewo0750b.jpg\"\n                    width=\"240\"\n                    height=\"160\"\n                    style=\"max-width:100%;\"\n                \/>\n            <\/a>\n        <\/div>\n\t\t\t\t\t\t\t<\/div> \n\t\t\t\n        \n\t\t\t\t<div id=\"ngg-image-4\" class=\"ngg-gallery-thumbnail-box\" >\n\t\t\t\t        <div class=\"ngg-gallery-thumbnail\">\n            <a href=\"https:\/\/ferienwohnungenverwaltung-thiesen.de\/wp-content\/gallery\/wohnung-6\/Schaefer-Fewo0772b.jpg\"\n               title=\"\"\n               data-src=\"https:\/\/ferienwohnungenverwaltung-thiesen.de\/wp-content\/gallery\/wohnung-6\/Schaefer-Fewo0772b.jpg\"\n               data-thumbnail=\"https:\/\/ferienwohnungenverwaltung-thiesen.de\/wp-content\/gallery\/wohnung-6\/thumbs\/thumbs_Schaefer-Fewo0772b.jpg\"\n               data-image-id=\"69\"\n               data-title=\"Schaefer-Fewo0772b\"\n               data-description=\"\"\n               data-image-slug=\"schaefer-fewo0772b\"\n               class=\"ngg-fancybox\" rel=\"70c56b1981a3ebd9af39f189b7c54862\">\n                <img decoding=\"async\" loading=\"lazy\"\n                    title=\"Schaefer-Fewo0772b\"\n                    alt=\"Schaefer-Fewo0772b\"\n                    src=\"https:\/\/ferienwohnungenverwaltung-thiesen.de\/wp-content\/gallery\/wohnung-6\/thumbs\/thumbs_Schaefer-Fewo0772b.jpg\"\n                    width=\"240\"\n                    height=\"160\"\n                    style=\"max-width:100%;\"\n                \/>\n            <\/a>\n        <\/div>\n\t\t\t\t\t\t\t<\/div> \n\t\t\t\n        \n\t\t\t\t<div id=\"ngg-image-5\" class=\"ngg-gallery-thumbnail-box\" >\n\t\t\t\t        <div class=\"ngg-gallery-thumbnail\">\n            <a href=\"https:\/\/ferienwohnungenverwaltung-thiesen.de\/wp-content\/gallery\/wohnung-6\/Schaefer-Fewo0697b.jpg\"\n               title=\"Schlafzimmer 1\"\n               data-src=\"https:\/\/ferienwohnungenverwaltung-thiesen.de\/wp-content\/gallery\/wohnung-6\/Schaefer-Fewo0697b.jpg\"\n               data-thumbnail=\"https:\/\/ferienwohnungenverwaltung-thiesen.de\/wp-content\/gallery\/wohnung-6\/thumbs\/thumbs_Schaefer-Fewo0697b.jpg\"\n               data-image-id=\"67\"\n               data-title=\"Schaefer-Fewo0697b\"\n               data-description=\"Schlafzimmer 1\"\n               data-image-slug=\"schaefer-fewo0697b\"\n               class=\"ngg-fancybox\" rel=\"70c56b1981a3ebd9af39f189b7c54862\">\n                <img decoding=\"async\" loading=\"lazy\"\n                    title=\"Schaefer-Fewo0697b\"\n                    alt=\"Schaefer-Fewo0697b\"\n                    src=\"https:\/\/ferienwohnungenverwaltung-thiesen.de\/wp-content\/gallery\/wohnung-6\/thumbs\/thumbs_Schaefer-Fewo0697b.jpg\"\n                    width=\"240\"\n                    height=\"160\"\n                    style=\"max-width:100%;\"\n                \/>\n            <\/a>\n        <\/div>\n\t\t\t\t\t\t\t<\/div> \n\t\t\t\n        \n\t\t\t\t<div id=\"ngg-image-6\" class=\"ngg-gallery-thumbnail-box\" >\n\t\t\t\t        <div class=\"ngg-gallery-thumbnail\">\n            <a href=\"https:\/\/ferienwohnungenverwaltung-thiesen.de\/wp-content\/gallery\/wohnung-6\/Schaefer-Fewo0707b.jpg\"\n               title=\"Schlafzimmer 2\"\n               data-src=\"https:\/\/ferienwohnungenverwaltung-thiesen.de\/wp-content\/gallery\/wohnung-6\/Schaefer-Fewo0707b.jpg\"\n               data-thumbnail=\"https:\/\/ferienwohnungenverwaltung-thiesen.de\/wp-content\/gallery\/wohnung-6\/thumbs\/thumbs_Schaefer-Fewo0707b.jpg\"\n               data-image-id=\"10\"\n               data-title=\"Schaefer-Fewo0707b\"\n               data-description=\"Schlafzimmer 2\"\n               data-image-slug=\"schaefer-fewo0707b\"\n               class=\"ngg-fancybox\" rel=\"70c56b1981a3ebd9af39f189b7c54862\">\n                <img decoding=\"async\" loading=\"lazy\"\n                    title=\"Schaefer-Fewo0707b\"\n                    alt=\"Schaefer-Fewo0707b\"\n                    src=\"https:\/\/ferienwohnungenverwaltung-thiesen.de\/wp-content\/gallery\/wohnung-6\/thumbs\/thumbs_Schaefer-Fewo0707b.jpg\"\n                    width=\"240\"\n                    height=\"160\"\n                    style=\"max-width:100%;\"\n                \/>\n            <\/a>\n        <\/div>\n\t\t\t\t\t\t\t<\/div> \n\t\t\t\n        \n\t\t\t\t<div id=\"ngg-image-7\" class=\"ngg-gallery-thumbnail-box\" >\n\t\t\t\t        <div class=\"ngg-gallery-thumbnail\">\n            <a href=\"https:\/\/ferienwohnungenverwaltung-thiesen.de\/wp-content\/gallery\/wohnung-6\/Schaefer-Fewo0798b.jpg\"\n               title=\"\"\n               data-src=\"https:\/\/ferienwohnungenverwaltung-thiesen.de\/wp-content\/gallery\/wohnung-6\/Schaefer-Fewo0798b.jpg\"\n               data-thumbnail=\"https:\/\/ferienwohnungenverwaltung-thiesen.de\/wp-content\/gallery\/wohnung-6\/thumbs\/thumbs_Schaefer-Fewo0798b.jpg\"\n               data-image-id=\"72\"\n               data-title=\"Schaefer-Fewo0798b\"\n               data-description=\"\"\n               data-image-slug=\"schaefer-fewo0798b\"\n               class=\"ngg-fancybox\" rel=\"70c56b1981a3ebd9af39f189b7c54862\">\n                <img decoding=\"async\" loading=\"lazy\"\n                    title=\"Schaefer-Fewo0798b\"\n                    alt=\"Schaefer-Fewo0798b\"\n                    src=\"https:\/\/ferienwohnungenverwaltung-thiesen.de\/wp-content\/gallery\/wohnung-6\/thumbs\/thumbs_Schaefer-Fewo0798b.jpg\"\n                    width=\"240\"\n                    height=\"160\"\n                    style=\"max-width:100%;\"\n                \/>\n            <\/a>\n        <\/div>\n\t\t\t\t\t\t\t<\/div> \n\t\t\t\n        \n\t\t\t\t<div id=\"ngg-image-8\" class=\"ngg-gallery-thumbnail-box\" >\n\t\t\t\t        <div class=\"ngg-gallery-thumbnail\">\n            <a href=\"https:\/\/ferienwohnungenverwaltung-thiesen.de\/wp-content\/gallery\/wohnung-6\/Schaefer-Fewo0806b.jpg\"\n               title=\"ebenerdige Dusche\"\n               data-src=\"https:\/\/ferienwohnungenverwaltung-thiesen.de\/wp-content\/gallery\/wohnung-6\/Schaefer-Fewo0806b.jpg\"\n               data-thumbnail=\"https:\/\/ferienwohnungenverwaltung-thiesen.de\/wp-content\/gallery\/wohnung-6\/thumbs\/thumbs_Schaefer-Fewo0806b.jpg\"\n               data-image-id=\"16\"\n               data-title=\"Schaefer-Fewo0806b\"\n               data-description=\"ebenerdige Dusche\"\n               data-image-slug=\"schaefer-fewo0806b\"\n               class=\"ngg-fancybox\" rel=\"70c56b1981a3ebd9af39f189b7c54862\">\n                <img decoding=\"async\" loading=\"lazy\"\n                    title=\"Schaefer-Fewo0806b\"\n                    alt=\"Schaefer-Fewo0806b\"\n                    src=\"https:\/\/ferienwohnungenverwaltung-thiesen.de\/wp-content\/gallery\/wohnung-6\/thumbs\/thumbs_Schaefer-Fewo0806b.jpg\"\n                    width=\"240\"\n                    height=\"160\"\n                    style=\"max-width:100%;\"\n                \/>\n            <\/a>\n        <\/div>\n\t\t\t\t\t\t\t<\/div> \n\t\t\t\n        \n\t\t\t\t<div id=\"ngg-image-9\" class=\"ngg-gallery-thumbnail-box\" >\n\t\t\t\t        <div class=\"ngg-gallery-thumbnail\">\n            <a href=\"https:\/\/ferienwohnungenverwaltung-thiesen.de\/wp-content\/gallery\/wohnung-6\/Schaefer-Fewo0816b.jpg\"\n               title=\"G\u00e4ste WC\"\n               data-src=\"https:\/\/ferienwohnungenverwaltung-thiesen.de\/wp-content\/gallery\/wohnung-6\/Schaefer-Fewo0816b.jpg\"\n               data-thumbnail=\"https:\/\/ferienwohnungenverwaltung-thiesen.de\/wp-content\/gallery\/wohnung-6\/thumbs\/thumbs_Schaefer-Fewo0816b.jpg\"\n               data-image-id=\"17\"\n               data-title=\"Schaefer-Fewo0816b\"\n               data-description=\"G\u00e4ste WC\"\n               data-image-slug=\"schaefer-fewo0816b\"\n               class=\"ngg-fancybox\" rel=\"70c56b1981a3ebd9af39f189b7c54862\">\n                <img decoding=\"async\" loading=\"lazy\"\n                    title=\"Schaefer-Fewo0816b\"\n                    alt=\"Schaefer-Fewo0816b\"\n                    src=\"https:\/\/ferienwohnungenverwaltung-thiesen.de\/wp-content\/gallery\/wohnung-6\/thumbs\/thumbs_Schaefer-Fewo0816b.jpg\"\n                    width=\"240\"\n                    height=\"160\"\n                    style=\"max-width:100%;\"\n                \/>\n            <\/a>\n        <\/div>\n\t\t\t\t\t\t\t<\/div> \n\t\t\t\n        \n\t\t\t\t<div id=\"ngg-image-10\" class=\"ngg-gallery-thumbnail-box\" >\n\t\t\t\t        <div class=\"ngg-gallery-thumbnail\">\n            <a href=\"https:\/\/ferienwohnungenverwaltung-thiesen.de\/wp-content\/gallery\/wohnung-6\/Schaefer-Fewo0836b.jpg\"\n               title=\"Eingangsbereich\"\n               data-src=\"https:\/\/ferienwohnungenverwaltung-thiesen.de\/wp-content\/gallery\/wohnung-6\/Schaefer-Fewo0836b.jpg\"\n               data-thumbnail=\"https:\/\/ferienwohnungenverwaltung-thiesen.de\/wp-content\/gallery\/wohnung-6\/thumbs\/thumbs_Schaefer-Fewo0836b.jpg\"\n               data-image-id=\"18\"\n               data-title=\"Schaefer-Fewo0836b\"\n               data-description=\"Eingangsbereich\"\n               data-image-slug=\"schaefer-fewo0836b\"\n               class=\"ngg-fancybox\" rel=\"70c56b1981a3ebd9af39f189b7c54862\">\n                <img decoding=\"async\" loading=\"lazy\"\n                    title=\"Schaefer-Fewo0836b\"\n                    alt=\"Schaefer-Fewo0836b\"\n                    src=\"https:\/\/ferienwohnungenverwaltung-thiesen.de\/wp-content\/gallery\/wohnung-6\/thumbs\/thumbs_Schaefer-Fewo0836b.jpg\"\n                    width=\"240\"\n                    height=\"160\"\n                    style=\"max-width:100%;\"\n                \/>\n            <\/a>\n        <\/div>\n\t\t\t\t\t\t\t<\/div> \n\t\t\t\n        \n\t\t\n\t\t<!-- Pagination -->\n\t<div class='ngg-clear'><\/div>\t<\/div>\n<\/p><p><b><u>Wohnung Nr. 8, 3. Etage, 2-4 Personen <\/u><\/b><\/p><p><b><u>Ausstattung:<\/u><\/b><\/p><p>2 Schlafzimmer mit Doppelbett (1 x 1,80 x 2,00 m, 1 x 1,40 m x 2,00m)<\/p><p>Wohn- \/Essraum mit K\u00fcche<\/p><p>1 Badezimmer mit ebenerdiger Dusche und WC<\/p><p>G\u00e4ste WC<\/p><p>Abstellraum<\/p><p>Balkon<\/p><p>WLAN<\/p><p><!-- index.php -->\n<div\n\tclass=\"ngg-galleryoverview ngg-ajax-pagination-none\"\n\tid=\"ngg-gallery-2d786a5012c9d20b90a5d434ef836d5d-1\">\n\n    \t<div class=\"slideshowlink\">\n        <a href='https:\/\/ferienwohnungenverwaltung-thiesen.de\/index.php\/nggallery\/slideshow?page_id=91'>[Zeige eine Slideshow]<\/a>\n\t\t\n\t<\/div>\n\t\t\t<!-- Thumbnails -->\n\t\t\t\t<div id=\"ngg-image-0\" class=\"ngg-gallery-thumbnail-box\" >\n\t\t\t\t        <div class=\"ngg-gallery-thumbnail\">\n            <a href=\"https:\/\/ferienwohnungenverwaltung-thiesen.de\/wp-content\/gallery\/wohnung-8\/6A2A0172_web.jpg\"\n               title=\"Marc F\u00f6hr\"\n               data-src=\"https:\/\/ferienwohnungenverwaltung-thiesen.de\/wp-content\/gallery\/wohnung-8\/6A2A0172_web.jpg\"\n               data-thumbnail=\"https:\/\/ferienwohnungenverwaltung-thiesen.de\/wp-content\/gallery\/wohnung-8\/thumbs\/thumbs_6A2A0172_web.jpg\"\n               data-image-id=\"747\"\n               data-title=\"6A2A0172_web\"\n               data-description=\"Marc F\u00f6hr\"\n               data-image-slug=\"6a2a0172_web\"\n               class=\"ngg-fancybox\" rel=\"2d786a5012c9d20b90a5d434ef836d5d\">\n                <img decoding=\"async\" loading=\"lazy\"\n                    title=\"6A2A0172_web\"\n                    alt=\"6A2A0172_web\"\n                    src=\"https:\/\/ferienwohnungenverwaltung-thiesen.de\/wp-content\/gallery\/wohnung-8\/thumbs\/thumbs_6A2A0172_web.jpg\"\n                    width=\"240\"\n                    height=\"160\"\n                    style=\"max-width:100%;\"\n                \/>\n            <\/a>\n        <\/div>\n\t\t\t\t\t\t\t<\/div> \n\t\t\t\n        \n\t\t\t\t<div id=\"ngg-image-1\" class=\"ngg-gallery-thumbnail-box\" >\n\t\t\t\t        <div class=\"ngg-gallery-thumbnail\">\n            <a href=\"https:\/\/ferienwohnungenverwaltung-thiesen.de\/wp-content\/gallery\/wohnung-8\/6A2A0173_web.jpg\"\n               title=\"Marc F\u00f6hr\"\n               data-src=\"https:\/\/ferienwohnungenverwaltung-thiesen.de\/wp-content\/gallery\/wohnung-8\/6A2A0173_web.jpg\"\n               data-thumbnail=\"https:\/\/ferienwohnungenverwaltung-thiesen.de\/wp-content\/gallery\/wohnung-8\/thumbs\/thumbs_6A2A0173_web.jpg\"\n               data-image-id=\"748\"\n               data-title=\"6A2A0173_web\"\n               data-description=\"Marc F\u00f6hr\"\n               data-image-slug=\"6a2a0173_web\"\n               class=\"ngg-fancybox\" rel=\"2d786a5012c9d20b90a5d434ef836d5d\">\n                <img decoding=\"async\" loading=\"lazy\"\n                    title=\"6A2A0173_web\"\n                    alt=\"6A2A0173_web\"\n                    src=\"https:\/\/ferienwohnungenverwaltung-thiesen.de\/wp-content\/gallery\/wohnung-8\/thumbs\/thumbs_6A2A0173_web.jpg\"\n                    width=\"240\"\n                    height=\"160\"\n                    style=\"max-width:100%;\"\n                \/>\n            <\/a>\n        <\/div>\n\t\t\t\t\t\t\t<\/div> \n\t\t\t\n        \n\t\t\t\t<div id=\"ngg-image-2\" class=\"ngg-gallery-thumbnail-box\" >\n\t\t\t\t        <div class=\"ngg-gallery-thumbnail\">\n            <a href=\"https:\/\/ferienwohnungenverwaltung-thiesen.de\/wp-content\/gallery\/wohnung-8\/6A2A0181_web.jpg\"\n               title=\"Marc F\u00f6hr\"\n               data-src=\"https:\/\/ferienwohnungenverwaltung-thiesen.de\/wp-content\/gallery\/wohnung-8\/6A2A0181_web.jpg\"\n               data-thumbnail=\"https:\/\/ferienwohnungenverwaltung-thiesen.de\/wp-content\/gallery\/wohnung-8\/thumbs\/thumbs_6A2A0181_web.jpg\"\n               data-image-id=\"750\"\n               data-title=\"6A2A0181_web\"\n               data-description=\"Marc F\u00f6hr\"\n               data-image-slug=\"6a2a0181_web\"\n               class=\"ngg-fancybox\" rel=\"2d786a5012c9d20b90a5d434ef836d5d\">\n                <img decoding=\"async\" loading=\"lazy\"\n                    title=\"6A2A0181_web\"\n                    alt=\"6A2A0181_web\"\n                    src=\"https:\/\/ferienwohnungenverwaltung-thiesen.de\/wp-content\/gallery\/wohnung-8\/thumbs\/thumbs_6A2A0181_web.jpg\"\n                    width=\"240\"\n                    height=\"160\"\n                    style=\"max-width:100%;\"\n                \/>\n            <\/a>\n        <\/div>\n\t\t\t\t\t\t\t<\/div> \n\t\t\t\n        \n\t\t\t\t<div id=\"ngg-image-3\" class=\"ngg-gallery-thumbnail-box\" >\n\t\t\t\t        <div class=\"ngg-gallery-thumbnail\">\n            <a href=\"https:\/\/ferienwohnungenverwaltung-thiesen.de\/wp-content\/gallery\/wohnung-8\/6A2A0191_web.jpg\"\n               title=\"Marc F\u00f6hr\"\n               data-src=\"https:\/\/ferienwohnungenverwaltung-thiesen.de\/wp-content\/gallery\/wohnung-8\/6A2A0191_web.jpg\"\n               data-thumbnail=\"https:\/\/ferienwohnungenverwaltung-thiesen.de\/wp-content\/gallery\/wohnung-8\/thumbs\/thumbs_6A2A0191_web.jpg\"\n               data-image-id=\"754\"\n               data-title=\"6A2A0191_web\"\n               data-description=\"Marc F\u00f6hr\"\n               data-image-slug=\"6a2a0191_web\"\n               class=\"ngg-fancybox\" rel=\"2d786a5012c9d20b90a5d434ef836d5d\">\n                <img decoding=\"async\" loading=\"lazy\"\n                    title=\"6A2A0191_web\"\n                    alt=\"6A2A0191_web\"\n                    src=\"https:\/\/ferienwohnungenverwaltung-thiesen.de\/wp-content\/gallery\/wohnung-8\/thumbs\/thumbs_6A2A0191_web.jpg\"\n                    width=\"240\"\n                    height=\"160\"\n                    style=\"max-width:100%;\"\n                \/>\n            <\/a>\n        <\/div>\n\t\t\t\t\t\t\t<\/div> \n\t\t\t\n        \n\t\t\t\t<div id=\"ngg-image-4\" class=\"ngg-gallery-thumbnail-box\" >\n\t\t\t\t        <div class=\"ngg-gallery-thumbnail\">\n            <a href=\"https:\/\/ferienwohnungenverwaltung-thiesen.de\/wp-content\/gallery\/wohnung-8\/6A2A0201_web.jpg\"\n               title=\"Marc F\u00f6hr\"\n               data-src=\"https:\/\/ferienwohnungenverwaltung-thiesen.de\/wp-content\/gallery\/wohnung-8\/6A2A0201_web.jpg\"\n               data-thumbnail=\"https:\/\/ferienwohnungenverwaltung-thiesen.de\/wp-content\/gallery\/wohnung-8\/thumbs\/thumbs_6A2A0201_web.jpg\"\n               data-image-id=\"758\"\n               data-title=\"6A2A0201_web\"\n               data-description=\"Marc F\u00f6hr\"\n               data-image-slug=\"6a2a0201_web\"\n               class=\"ngg-fancybox\" rel=\"2d786a5012c9d20b90a5d434ef836d5d\">\n                <img decoding=\"async\" loading=\"lazy\"\n                    title=\"6A2A0201_web\"\n                    alt=\"6A2A0201_web\"\n                    src=\"https:\/\/ferienwohnungenverwaltung-thiesen.de\/wp-content\/gallery\/wohnung-8\/thumbs\/thumbs_6A2A0201_web.jpg\"\n                    width=\"240\"\n                    height=\"160\"\n                    style=\"max-width:100%;\"\n                \/>\n            <\/a>\n        <\/div>\n\t\t\t\t\t\t\t<\/div> \n\t\t\t\n        \n\t\t\t\t<div id=\"ngg-image-5\" class=\"ngg-gallery-thumbnail-box\" >\n\t\t\t\t        <div class=\"ngg-gallery-thumbnail\">\n            <a href=\"https:\/\/ferienwohnungenverwaltung-thiesen.de\/wp-content\/gallery\/wohnung-8\/BW3A9676.jpg\"\n               title=\"\"\n               data-src=\"https:\/\/ferienwohnungenverwaltung-thiesen.de\/wp-content\/gallery\/wohnung-8\/BW3A9676.jpg\"\n               data-thumbnail=\"https:\/\/ferienwohnungenverwaltung-thiesen.de\/wp-content\/gallery\/wohnung-8\/thumbs\/thumbs_BW3A9676.jpg\"\n               data-image-id=\"952\"\n               data-title=\"BW3A9676\"\n               data-description=\"\"\n               data-image-slug=\"bw3a9676\"\n               class=\"ngg-fancybox\" rel=\"2d786a5012c9d20b90a5d434ef836d5d\">\n                <img decoding=\"async\" loading=\"lazy\"\n                    title=\"BW3A9676\"\n                    alt=\"BW3A9676\"\n                    src=\"https:\/\/ferienwohnungenverwaltung-thiesen.de\/wp-content\/gallery\/wohnung-8\/thumbs\/thumbs_BW3A9676.jpg\"\n                    width=\"240\"\n                    height=\"160\"\n                    style=\"max-width:100%;\"\n                \/>\n            <\/a>\n        <\/div>\n\t\t\t\t\t\t\t<\/div> \n\t\t\t\n        \n\t\t\t\t<div id=\"ngg-image-6\" class=\"ngg-gallery-thumbnail-box\" >\n\t\t\t\t        <div class=\"ngg-gallery-thumbnail\">\n            <a href=\"https:\/\/ferienwohnungenverwaltung-thiesen.de\/wp-content\/gallery\/wohnung-8\/BW3A9682.jpg\"\n               title=\"\"\n               data-src=\"https:\/\/ferienwohnungenverwaltung-thiesen.de\/wp-content\/gallery\/wohnung-8\/BW3A9682.jpg\"\n               data-thumbnail=\"https:\/\/ferienwohnungenverwaltung-thiesen.de\/wp-content\/gallery\/wohnung-8\/thumbs\/thumbs_BW3A9682.jpg\"\n               data-image-id=\"953\"\n               data-title=\"BW3A9682\"\n               data-description=\"\"\n               data-image-slug=\"bw3a9682\"\n               class=\"ngg-fancybox\" rel=\"2d786a5012c9d20b90a5d434ef836d5d\">\n                <img decoding=\"async\" loading=\"lazy\"\n                    title=\"BW3A9682\"\n                    alt=\"BW3A9682\"\n                    src=\"https:\/\/ferienwohnungenverwaltung-thiesen.de\/wp-content\/gallery\/wohnung-8\/thumbs\/thumbs_BW3A9682.jpg\"\n                    width=\"240\"\n                    height=\"160\"\n                    style=\"max-width:100%;\"\n                \/>\n            <\/a>\n        <\/div>\n\t\t\t\t\t\t\t<\/div> \n\t\t\t\n        \n\t\t\t\t<div id=\"ngg-image-7\" class=\"ngg-gallery-thumbnail-box\" >\n\t\t\t\t        <div class=\"ngg-gallery-thumbnail\">\n            <a href=\"https:\/\/ferienwohnungenverwaltung-thiesen.de\/wp-content\/gallery\/wohnung-8\/BW3A9685.jpg\"\n               title=\"\"\n               data-src=\"https:\/\/ferienwohnungenverwaltung-thiesen.de\/wp-content\/gallery\/wohnung-8\/BW3A9685.jpg\"\n               data-thumbnail=\"https:\/\/ferienwohnungenverwaltung-thiesen.de\/wp-content\/gallery\/wohnung-8\/thumbs\/thumbs_BW3A9685.jpg\"\n               data-image-id=\"954\"\n               data-title=\"BW3A9685\"\n               data-description=\"\"\n               data-image-slug=\"bw3a9685\"\n               class=\"ngg-fancybox\" rel=\"2d786a5012c9d20b90a5d434ef836d5d\">\n                <img decoding=\"async\" loading=\"lazy\"\n                    title=\"BW3A9685\"\n                    alt=\"BW3A9685\"\n                    src=\"https:\/\/ferienwohnungenverwaltung-thiesen.de\/wp-content\/gallery\/wohnung-8\/thumbs\/thumbs_BW3A9685.jpg\"\n                    width=\"240\"\n                    height=\"160\"\n                    style=\"max-width:100%;\"\n                \/>\n            <\/a>\n        <\/div>\n\t\t\t\t\t\t\t<\/div> \n\t\t\t\n        \n\t\t\t\t<div id=\"ngg-image-8\" class=\"ngg-gallery-thumbnail-box\" >\n\t\t\t\t        <div class=\"ngg-gallery-thumbnail\">\n            <a href=\"https:\/\/ferienwohnungenverwaltung-thiesen.de\/wp-content\/gallery\/wohnung-8\/BW3A9686.jpg\"\n               title=\"\"\n               data-src=\"https:\/\/ferienwohnungenverwaltung-thiesen.de\/wp-content\/gallery\/wohnung-8\/BW3A9686.jpg\"\n               data-thumbnail=\"https:\/\/ferienwohnungenverwaltung-thiesen.de\/wp-content\/gallery\/wohnung-8\/thumbs\/thumbs_BW3A9686.jpg\"\n               data-image-id=\"955\"\n               data-title=\"BW3A9686\"\n               data-description=\"\"\n               data-image-slug=\"bw3a9686\"\n               class=\"ngg-fancybox\" rel=\"2d786a5012c9d20b90a5d434ef836d5d\">\n                <img decoding=\"async\" loading=\"lazy\"\n                    title=\"BW3A9686\"\n                    alt=\"BW3A9686\"\n                    src=\"https:\/\/ferienwohnungenverwaltung-thiesen.de\/wp-content\/gallery\/wohnung-8\/thumbs\/thumbs_BW3A9686.jpg\"\n                    width=\"240\"\n                    height=\"160\"\n                    style=\"max-width:100%;\"\n                \/>\n            <\/a>\n        <\/div>\n\t\t\t\t\t\t\t<\/div> \n\t\t\t\n        \n\t\t\t\t<div id=\"ngg-image-9\" class=\"ngg-gallery-thumbnail-box\" >\n\t\t\t\t        <div class=\"ngg-gallery-thumbnail\">\n            <a href=\"https:\/\/ferienwohnungenverwaltung-thiesen.de\/wp-content\/gallery\/wohnung-8\/BW3A9688.jpg\"\n               title=\"\"\n               data-src=\"https:\/\/ferienwohnungenverwaltung-thiesen.de\/wp-content\/gallery\/wohnung-8\/BW3A9688.jpg\"\n               data-thumbnail=\"https:\/\/ferienwohnungenverwaltung-thiesen.de\/wp-content\/gallery\/wohnung-8\/thumbs\/thumbs_BW3A9688.jpg\"\n               data-image-id=\"956\"\n               data-title=\"BW3A9688\"\n               data-description=\"\"\n               data-image-slug=\"bw3a9688\"\n               class=\"ngg-fancybox\" rel=\"2d786a5012c9d20b90a5d434ef836d5d\">\n                <img decoding=\"async\" loading=\"lazy\"\n                    title=\"BW3A9688\"\n                    alt=\"BW3A9688\"\n                    src=\"https:\/\/ferienwohnungenverwaltung-thiesen.de\/wp-content\/gallery\/wohnung-8\/thumbs\/thumbs_BW3A9688.jpg\"\n                    width=\"240\"\n                    height=\"160\"\n                    style=\"max-width:100%;\"\n                \/>\n            <\/a>\n        <\/div>\n\t\t\t\t\t\t\t<\/div> \n\t\t\t\n        \n\t\t\t\t<div id=\"ngg-image-10\" class=\"ngg-gallery-thumbnail-box\" >\n\t\t\t\t        <div class=\"ngg-gallery-thumbnail\">\n            <a href=\"https:\/\/ferienwohnungenverwaltung-thiesen.de\/wp-content\/gallery\/wohnung-8\/BW3A9691.jpg\"\n               title=\"\"\n               data-src=\"https:\/\/ferienwohnungenverwaltung-thiesen.de\/wp-content\/gallery\/wohnung-8\/BW3A9691.jpg\"\n               data-thumbnail=\"https:\/\/ferienwohnungenverwaltung-thiesen.de\/wp-content\/gallery\/wohnung-8\/thumbs\/thumbs_BW3A9691.jpg\"\n               data-image-id=\"957\"\n               data-title=\"BW3A9691\"\n               data-description=\"\"\n               data-image-slug=\"bw3a9691\"\n               class=\"ngg-fancybox\" rel=\"2d786a5012c9d20b90a5d434ef836d5d\">\n                <img decoding=\"async\" loading=\"lazy\"\n                    title=\"BW3A9691\"\n                    alt=\"BW3A9691\"\n                    src=\"https:\/\/ferienwohnungenverwaltung-thiesen.de\/wp-content\/gallery\/wohnung-8\/thumbs\/thumbs_BW3A9691.jpg\"\n                    width=\"240\"\n                    height=\"160\"\n                    style=\"max-width:100%;\"\n                \/>\n            <\/a>\n        <\/div>\n\t\t\t\t\t\t\t<\/div> \n\t\t\t\n        \n\t\t\t\t<div id=\"ngg-image-11\" class=\"ngg-gallery-thumbnail-box\" >\n\t\t\t\t        <div class=\"ngg-gallery-thumbnail\">\n            <a href=\"https:\/\/ferienwohnungenverwaltung-thiesen.de\/wp-content\/gallery\/wohnung-8\/BW3A9698.jpg\"\n               title=\"\"\n               data-src=\"https:\/\/ferienwohnungenverwaltung-thiesen.de\/wp-content\/gallery\/wohnung-8\/BW3A9698.jpg\"\n               data-thumbnail=\"https:\/\/ferienwohnungenverwaltung-thiesen.de\/wp-content\/gallery\/wohnung-8\/thumbs\/thumbs_BW3A9698.jpg\"\n               data-image-id=\"958\"\n               data-title=\"BW3A9698\"\n               data-description=\"\"\n               data-image-slug=\"bw3a9698\"\n               class=\"ngg-fancybox\" rel=\"2d786a5012c9d20b90a5d434ef836d5d\">\n                <img decoding=\"async\" loading=\"lazy\"\n                    title=\"BW3A9698\"\n                    alt=\"BW3A9698\"\n                    src=\"https:\/\/ferienwohnungenverwaltung-thiesen.de\/wp-content\/gallery\/wohnung-8\/thumbs\/thumbs_BW3A9698.jpg\"\n                    width=\"240\"\n                    height=\"160\"\n                    style=\"max-width:100%;\"\n                \/>\n            <\/a>\n        <\/div>\n\t\t\t\t\t\t\t<\/div> \n\t\t\t\n        \n\t\t\t\t<div id=\"ngg-image-12\" class=\"ngg-gallery-thumbnail-box\" >\n\t\t\t\t        <div class=\"ngg-gallery-thumbnail\">\n            <a href=\"https:\/\/ferienwohnungenverwaltung-thiesen.de\/wp-content\/gallery\/wohnung-8\/BW3A9699.jpg\"\n               title=\"\"\n               data-src=\"https:\/\/ferienwohnungenverwaltung-thiesen.de\/wp-content\/gallery\/wohnung-8\/BW3A9699.jpg\"\n               data-thumbnail=\"https:\/\/ferienwohnungenverwaltung-thiesen.de\/wp-content\/gallery\/wohnung-8\/thumbs\/thumbs_BW3A9699.jpg\"\n               data-image-id=\"959\"\n               data-title=\"BW3A9699\"\n               data-description=\"\"\n               data-image-slug=\"bw3a9699\"\n               class=\"ngg-fancybox\" rel=\"2d786a5012c9d20b90a5d434ef836d5d\">\n                <img decoding=\"async\" loading=\"lazy\"\n                    title=\"BW3A9699\"\n                    alt=\"BW3A9699\"\n                    src=\"https:\/\/ferienwohnungenverwaltung-thiesen.de\/wp-content\/gallery\/wohnung-8\/thumbs\/thumbs_BW3A9699.jpg\"\n                    width=\"240\"\n                    height=\"160\"\n                    style=\"max-width:100%;\"\n                \/>\n            <\/a>\n        <\/div>\n\t\t\t\t\t\t\t<\/div> \n\t\t\t\n        \n\t\t\t\t<div id=\"ngg-image-13\" class=\"ngg-gallery-thumbnail-box\" >\n\t\t\t\t        <div class=\"ngg-gallery-thumbnail\">\n            <a href=\"https:\/\/ferienwohnungenverwaltung-thiesen.de\/wp-content\/gallery\/wohnung-8\/BW3A9704.jpg\"\n               title=\"\"\n               data-src=\"https:\/\/ferienwohnungenverwaltung-thiesen.de\/wp-content\/gallery\/wohnung-8\/BW3A9704.jpg\"\n               data-thumbnail=\"https:\/\/ferienwohnungenverwaltung-thiesen.de\/wp-content\/gallery\/wohnung-8\/thumbs\/thumbs_BW3A9704.jpg\"\n               data-image-id=\"960\"\n               data-title=\"BW3A9704\"\n               data-description=\"\"\n               data-image-slug=\"bw3a9704\"\n               class=\"ngg-fancybox\" rel=\"2d786a5012c9d20b90a5d434ef836d5d\">\n                <img decoding=\"async\" loading=\"lazy\"\n                    title=\"BW3A9704\"\n                    alt=\"BW3A9704\"\n                    src=\"https:\/\/ferienwohnungenverwaltung-thiesen.de\/wp-content\/gallery\/wohnung-8\/thumbs\/thumbs_BW3A9704.jpg\"\n                    width=\"240\"\n                    height=\"160\"\n                    style=\"max-width:100%;\"\n                \/>\n            <\/a>\n        <\/div>\n\t\t\t\t\t\t\t<\/div> \n\t\t\t\n        \n\t\t\t\t<div id=\"ngg-image-14\" class=\"ngg-gallery-thumbnail-box\" >\n\t\t\t\t        <div class=\"ngg-gallery-thumbnail\">\n            <a href=\"https:\/\/ferienwohnungenverwaltung-thiesen.de\/wp-content\/gallery\/wohnung-8\/BW3A9705.jpg\"\n               title=\"\"\n               data-src=\"https:\/\/ferienwohnungenverwaltung-thiesen.de\/wp-content\/gallery\/wohnung-8\/BW3A9705.jpg\"\n               data-thumbnail=\"https:\/\/ferienwohnungenverwaltung-thiesen.de\/wp-content\/gallery\/wohnung-8\/thumbs\/thumbs_BW3A9705.jpg\"\n               data-image-id=\"961\"\n               data-title=\"BW3A9705\"\n               data-description=\"\"\n               data-image-slug=\"bw3a9705\"\n               class=\"ngg-fancybox\" rel=\"2d786a5012c9d20b90a5d434ef836d5d\">\n                <img decoding=\"async\" loading=\"lazy\"\n                    title=\"BW3A9705\"\n                    alt=\"BW3A9705\"\n                    src=\"https:\/\/ferienwohnungenverwaltung-thiesen.de\/wp-content\/gallery\/wohnung-8\/thumbs\/thumbs_BW3A9705.jpg\"\n                    width=\"240\"\n                    height=\"160\"\n                    style=\"max-width:100%;\"\n                \/>\n            <\/a>\n        <\/div>\n\t\t\t\t\t\t\t<\/div> \n\t\t\t\n        \n\t\t\t\t<div id=\"ngg-image-15\" class=\"ngg-gallery-thumbnail-box\" >\n\t\t\t\t        <div class=\"ngg-gallery-thumbnail\">\n            <a href=\"https:\/\/ferienwohnungenverwaltung-thiesen.de\/wp-content\/gallery\/wohnung-8\/BW3A9709.jpg\"\n               title=\"\"\n               data-src=\"https:\/\/ferienwohnungenverwaltung-thiesen.de\/wp-content\/gallery\/wohnung-8\/BW3A9709.jpg\"\n               data-thumbnail=\"https:\/\/ferienwohnungenverwaltung-thiesen.de\/wp-content\/gallery\/wohnung-8\/thumbs\/thumbs_BW3A9709.jpg\"\n               data-image-id=\"962\"\n               data-title=\"BW3A9709\"\n               data-description=\"\"\n               data-image-slug=\"bw3a9709\"\n               class=\"ngg-fancybox\" rel=\"2d786a5012c9d20b90a5d434ef836d5d\">\n                <img decoding=\"async\" loading=\"lazy\"\n                    title=\"BW3A9709\"\n                    alt=\"BW3A9709\"\n                    src=\"https:\/\/ferienwohnungenverwaltung-thiesen.de\/wp-content\/gallery\/wohnung-8\/thumbs\/thumbs_BW3A9709.jpg\"\n                    width=\"240\"\n                    height=\"160\"\n                    style=\"max-width:100%;\"\n                \/>\n            <\/a>\n        <\/div>\n\t\t\t\t\t\t\t<\/div> \n\t\t\t\n        \n\t\t\t\t<div id=\"ngg-image-16\" class=\"ngg-gallery-thumbnail-box\" >\n\t\t\t\t        <div class=\"ngg-gallery-thumbnail\">\n            <a href=\"https:\/\/ferienwohnungenverwaltung-thiesen.de\/wp-content\/gallery\/wohnung-8\/BW3A9710.jpg\"\n               title=\"\"\n               data-src=\"https:\/\/ferienwohnungenverwaltung-thiesen.de\/wp-content\/gallery\/wohnung-8\/BW3A9710.jpg\"\n               data-thumbnail=\"https:\/\/ferienwohnungenverwaltung-thiesen.de\/wp-content\/gallery\/wohnung-8\/thumbs\/thumbs_BW3A9710.jpg\"\n               data-image-id=\"963\"\n               data-title=\"BW3A9710\"\n               data-description=\"\"\n               data-image-slug=\"bw3a9710\"\n               class=\"ngg-fancybox\" rel=\"2d786a5012c9d20b90a5d434ef836d5d\">\n                <img decoding=\"async\" loading=\"lazy\"\n                    title=\"BW3A9710\"\n                    alt=\"BW3A9710\"\n                    src=\"https:\/\/ferienwohnungenverwaltung-thiesen.de\/wp-content\/gallery\/wohnung-8\/thumbs\/thumbs_BW3A9710.jpg\"\n                    width=\"240\"\n                    height=\"160\"\n                    style=\"max-width:100%;\"\n                \/>\n            <\/a>\n        <\/div>\n\t\t\t\t\t\t\t<\/div> \n\t\t\t\n        \n\t\t\t\t<div id=\"ngg-image-17\" class=\"ngg-gallery-thumbnail-box\" >\n\t\t\t\t        <div class=\"ngg-gallery-thumbnail\">\n            <a href=\"https:\/\/ferienwohnungenverwaltung-thiesen.de\/wp-content\/gallery\/wohnung-8\/BW3A9714_edit.jpg\"\n               title=\"\"\n               data-src=\"https:\/\/ferienwohnungenverwaltung-thiesen.de\/wp-content\/gallery\/wohnung-8\/BW3A9714_edit.jpg\"\n               data-thumbnail=\"https:\/\/ferienwohnungenverwaltung-thiesen.de\/wp-content\/gallery\/wohnung-8\/thumbs\/thumbs_BW3A9714_edit.jpg\"\n               data-image-id=\"964\"\n               data-title=\"BW3A9714_edit\"\n               data-description=\"\"\n               data-image-slug=\"bw3a9714_edit\"\n               class=\"ngg-fancybox\" rel=\"2d786a5012c9d20b90a5d434ef836d5d\">\n                <img decoding=\"async\" loading=\"lazy\"\n                    title=\"BW3A9714_edit\"\n                    alt=\"BW3A9714_edit\"\n                    src=\"https:\/\/ferienwohnungenverwaltung-thiesen.de\/wp-content\/gallery\/wohnung-8\/thumbs\/thumbs_BW3A9714_edit.jpg\"\n                    width=\"240\"\n                    height=\"160\"\n                    style=\"max-width:100%;\"\n                \/>\n            <\/a>\n        <\/div>\n\t\t\t\t\t\t\t<\/div> \n\t\t\t\n        \n\t\t\t\t<div id=\"ngg-image-18\" class=\"ngg-gallery-thumbnail-box\" >\n\t\t\t\t        <div class=\"ngg-gallery-thumbnail\">\n            <a href=\"https:\/\/ferienwohnungenverwaltung-thiesen.de\/wp-content\/gallery\/wohnung-8\/BW3A9717.jpg\"\n               title=\"\"\n               data-src=\"https:\/\/ferienwohnungenverwaltung-thiesen.de\/wp-content\/gallery\/wohnung-8\/BW3A9717.jpg\"\n               data-thumbnail=\"https:\/\/ferienwohnungenverwaltung-thiesen.de\/wp-content\/gallery\/wohnung-8\/thumbs\/thumbs_BW3A9717.jpg\"\n               data-image-id=\"965\"\n               data-title=\"BW3A9717\"\n               data-description=\"\"\n               data-image-slug=\"bw3a9717\"\n               class=\"ngg-fancybox\" rel=\"2d786a5012c9d20b90a5d434ef836d5d\">\n                <img decoding=\"async\" loading=\"lazy\"\n                    title=\"BW3A9717\"\n                    alt=\"BW3A9717\"\n                    src=\"https:\/\/ferienwohnungenverwaltung-thiesen.de\/wp-content\/gallery\/wohnung-8\/thumbs\/thumbs_BW3A9717.jpg\"\n                    width=\"240\"\n                    height=\"160\"\n                    style=\"max-width:100%;\"\n                \/>\n            <\/a>\n        <\/div>\n\t\t\t\t\t\t\t<\/div> \n\t\t\t\n        \n\t\t\t\t<div id=\"ngg-image-19\" class=\"ngg-gallery-thumbnail-box\" >\n\t\t\t\t        <div class=\"ngg-gallery-thumbnail\">\n            <a href=\"https:\/\/ferienwohnungenverwaltung-thiesen.de\/wp-content\/gallery\/wohnung-8\/BW3A9719.jpg\"\n               title=\"\"\n               data-src=\"https:\/\/ferienwohnungenverwaltung-thiesen.de\/wp-content\/gallery\/wohnung-8\/BW3A9719.jpg\"\n               data-thumbnail=\"https:\/\/ferienwohnungenverwaltung-thiesen.de\/wp-content\/gallery\/wohnung-8\/thumbs\/thumbs_BW3A9719.jpg\"\n               data-image-id=\"966\"\n               data-title=\"BW3A9719\"\n               data-description=\"\"\n               data-image-slug=\"bw3a9719\"\n               class=\"ngg-fancybox\" rel=\"2d786a5012c9d20b90a5d434ef836d5d\">\n                <img decoding=\"async\" loading=\"lazy\"\n                    title=\"BW3A9719\"\n                    alt=\"BW3A9719\"\n                    src=\"https:\/\/ferienwohnungenverwaltung-thiesen.de\/wp-content\/gallery\/wohnung-8\/thumbs\/thumbs_BW3A9719.jpg\"\n                    width=\"240\"\n                    height=\"160\"\n                    style=\"max-width:100%;\"\n                \/>\n            <\/a>\n        <\/div>\n\t\t\t\t\t\t\t<\/div> \n\t\t\t\n        \n\t\t\n\t\t<!-- Pagination -->\n\t<div class='ngg-navigation'><span class='current'>1<\/span>\n<a class='page-numbers' data-pageid='2' href='https:\/\/ferienwohnungenverwaltung-thiesen.de\/index.php\/nggallery\/page\/2?page_id=91'>2<\/a>\n<a class='prev' href='https:\/\/ferienwohnungenverwaltung-thiesen.de\/index.php\/nggallery\/page\/2?page_id=91' data-pageid=2>&#9658;<\/a><\/div>\t<\/div>\n<\/p><p><b><u>Wohnung Nr. 11, 3. Etage, 2 Personen <\/u><\/b><\/p><p><b><u>Ausstattung:<\/u><\/b><\/p><p>1 Schlafzimmer mit Doppelbett (1 x 1,80 x 2,00 m)<\/p><p>Wohn- \/Essraum mit K\u00fcche<\/p><p>1 Badezimmer mit ebenerdiger Dusche und WC<\/p><p>Abstellraum<\/p><p>Balkon<\/p><p>WLAN<\/p><p><!-- index.php -->\n<div\n\tclass=\"ngg-galleryoverview ngg-ajax-pagination-none\"\n\tid=\"ngg-gallery-21332e7508e5229494be209530d9bdaf-1\">\n\n    \t<div class=\"slideshowlink\">\n        <a href='https:\/\/ferienwohnungenverwaltung-thiesen.de\/index.php\/nggallery\/slideshow?page_id=91'>[Zeige eine Slideshow]<\/a>\n\t\t\n\t<\/div>\n\t\t\t<!-- Thumbnails -->\n\t\t\t\t<div id=\"ngg-image-0\" class=\"ngg-gallery-thumbnail-box\" >\n\t\t\t\t        <div class=\"ngg-gallery-thumbnail\">\n            <a href=\"https:\/\/ferienwohnungenverwaltung-thiesen.de\/wp-content\/gallery\/wohnung-11\/6A2A0132_web.jpg\"\n               title=\"Marc F\u00f6hr\"\n               data-src=\"https:\/\/ferienwohnungenverwaltung-thiesen.de\/wp-content\/gallery\/wohnung-11\/6A2A0132_web.jpg\"\n               data-thumbnail=\"https:\/\/ferienwohnungenverwaltung-thiesen.de\/wp-content\/gallery\/wohnung-11\/thumbs\/thumbs_6A2A0132_web.jpg\"\n               data-image-id=\"641\"\n               data-title=\"6A2A0132_web\"\n               data-description=\"Marc F\u00f6hr\"\n               data-image-slug=\"6a2a0132_web\"\n               class=\"ngg-fancybox\" rel=\"21332e7508e5229494be209530d9bdaf\">\n                <img decoding=\"async\" loading=\"lazy\"\n                    title=\"6A2A0132_web\"\n                    alt=\"6A2A0132_web\"\n                    src=\"https:\/\/ferienwohnungenverwaltung-thiesen.de\/wp-content\/gallery\/wohnung-11\/thumbs\/thumbs_6A2A0132_web.jpg\"\n                    width=\"240\"\n                    height=\"160\"\n                    style=\"max-width:100%;\"\n                \/>\n            <\/a>\n        <\/div>\n\t\t\t\t\t\t\t<\/div> \n\t\t\t\n        \n\t\t\t\t<div id=\"ngg-image-1\" class=\"ngg-gallery-thumbnail-box\" >\n\t\t\t\t        <div class=\"ngg-gallery-thumbnail\">\n            <a href=\"https:\/\/ferienwohnungenverwaltung-thiesen.de\/wp-content\/gallery\/wohnung-11\/6A2A0133_web.jpg\"\n               title=\"Marc F\u00f6hr\"\n               data-src=\"https:\/\/ferienwohnungenverwaltung-thiesen.de\/wp-content\/gallery\/wohnung-11\/6A2A0133_web.jpg\"\n               data-thumbnail=\"https:\/\/ferienwohnungenverwaltung-thiesen.de\/wp-content\/gallery\/wohnung-11\/thumbs\/thumbs_6A2A0133_web.jpg\"\n               data-image-id=\"642\"\n               data-title=\"6A2A0133_web\"\n               data-description=\"Marc F\u00f6hr\"\n               data-image-slug=\"6a2a0133_web\"\n               class=\"ngg-fancybox\" rel=\"21332e7508e5229494be209530d9bdaf\">\n                <img decoding=\"async\" loading=\"lazy\"\n                    title=\"6A2A0133_web\"\n                    alt=\"6A2A0133_web\"\n                    src=\"https:\/\/ferienwohnungenverwaltung-thiesen.de\/wp-content\/gallery\/wohnung-11\/thumbs\/thumbs_6A2A0133_web.jpg\"\n                    width=\"240\"\n                    height=\"160\"\n                    style=\"max-width:100%;\"\n                \/>\n            <\/a>\n        <\/div>\n\t\t\t\t\t\t\t<\/div> \n\t\t\t\n        \n\t\t\t\t<div id=\"ngg-image-2\" class=\"ngg-gallery-thumbnail-box\" >\n\t\t\t\t        <div class=\"ngg-gallery-thumbnail\">\n            <a href=\"https:\/\/ferienwohnungenverwaltung-thiesen.de\/wp-content\/gallery\/wohnung-11\/6A2A0137_web.jpg\"\n               title=\"Marc F\u00f6hr\"\n               data-src=\"https:\/\/ferienwohnungenverwaltung-thiesen.de\/wp-content\/gallery\/wohnung-11\/6A2A0137_web.jpg\"\n               data-thumbnail=\"https:\/\/ferienwohnungenverwaltung-thiesen.de\/wp-content\/gallery\/wohnung-11\/thumbs\/thumbs_6A2A0137_web.jpg\"\n               data-image-id=\"643\"\n               data-title=\"6A2A0137_web\"\n               data-description=\"Marc F\u00f6hr\"\n               data-image-slug=\"6a2a0137_web\"\n               class=\"ngg-fancybox\" rel=\"21332e7508e5229494be209530d9bdaf\">\n                <img decoding=\"async\" loading=\"lazy\"\n                    title=\"6A2A0137_web\"\n                    alt=\"6A2A0137_web\"\n                    src=\"https:\/\/ferienwohnungenverwaltung-thiesen.de\/wp-content\/gallery\/wohnung-11\/thumbs\/thumbs_6A2A0137_web.jpg\"\n                    width=\"240\"\n                    height=\"160\"\n                    style=\"max-width:100%;\"\n                \/>\n            <\/a>\n        <\/div>\n\t\t\t\t\t\t\t<\/div> \n\t\t\t\n        \n\t\t\t\t<div id=\"ngg-image-3\" class=\"ngg-gallery-thumbnail-box\" >\n\t\t\t\t        <div class=\"ngg-gallery-thumbnail\">\n            <a href=\"https:\/\/ferienwohnungenverwaltung-thiesen.de\/wp-content\/gallery\/wohnung-11\/6A2A0138_web.jpg\"\n               title=\"Marc F\u00f6hr\"\n               data-src=\"https:\/\/ferienwohnungenverwaltung-thiesen.de\/wp-content\/gallery\/wohnung-11\/6A2A0138_web.jpg\"\n               data-thumbnail=\"https:\/\/ferienwohnungenverwaltung-thiesen.de\/wp-content\/gallery\/wohnung-11\/thumbs\/thumbs_6A2A0138_web.jpg\"\n               data-image-id=\"644\"\n               data-title=\"6A2A0138_web\"\n               data-description=\"Marc F\u00f6hr\"\n               data-image-slug=\"6a2a0138_web\"\n               class=\"ngg-fancybox\" rel=\"21332e7508e5229494be209530d9bdaf\">\n                <img decoding=\"async\" loading=\"lazy\"\n                    title=\"6A2A0138_web\"\n                    alt=\"6A2A0138_web\"\n                    src=\"https:\/\/ferienwohnungenverwaltung-thiesen.de\/wp-content\/gallery\/wohnung-11\/thumbs\/thumbs_6A2A0138_web.jpg\"\n                    width=\"240\"\n                    height=\"160\"\n                    style=\"max-width:100%;\"\n                \/>\n            <\/a>\n        <\/div>\n\t\t\t\t\t\t\t<\/div> \n\t\t\t\n        \n\t\t\t\t<div id=\"ngg-image-4\" class=\"ngg-gallery-thumbnail-box\" >\n\t\t\t\t        <div class=\"ngg-gallery-thumbnail\">\n            <a href=\"https:\/\/ferienwohnungenverwaltung-thiesen.de\/wp-content\/gallery\/wohnung-11\/6A2A0139_web.jpg\"\n               title=\"Marc F\u00f6hr\"\n               data-src=\"https:\/\/ferienwohnungenverwaltung-thiesen.de\/wp-content\/gallery\/wohnung-11\/6A2A0139_web.jpg\"\n               data-thumbnail=\"https:\/\/ferienwohnungenverwaltung-thiesen.de\/wp-content\/gallery\/wohnung-11\/thumbs\/thumbs_6A2A0139_web.jpg\"\n               data-image-id=\"645\"\n               data-title=\"6A2A0139_web\"\n               data-description=\"Marc F\u00f6hr\"\n               data-image-slug=\"6a2a0139_web\"\n               class=\"ngg-fancybox\" rel=\"21332e7508e5229494be209530d9bdaf\">\n                <img decoding=\"async\" loading=\"lazy\"\n                    title=\"6A2A0139_web\"\n                    alt=\"6A2A0139_web\"\n                    src=\"https:\/\/ferienwohnungenverwaltung-thiesen.de\/wp-content\/gallery\/wohnung-11\/thumbs\/thumbs_6A2A0139_web.jpg\"\n                    width=\"240\"\n                    height=\"160\"\n                    style=\"max-width:100%;\"\n                \/>\n            <\/a>\n        <\/div>\n\t\t\t\t\t\t\t<\/div> \n\t\t\t\n        \n\t\t\t\t<div id=\"ngg-image-5\" class=\"ngg-gallery-thumbnail-box\" >\n\t\t\t\t        <div class=\"ngg-gallery-thumbnail\">\n            <a href=\"https:\/\/ferienwohnungenverwaltung-thiesen.de\/wp-content\/gallery\/wohnung-11\/6A2A0144_web.jpg\"\n               title=\"Marc F\u00f6hr\"\n               data-src=\"https:\/\/ferienwohnungenverwaltung-thiesen.de\/wp-content\/gallery\/wohnung-11\/6A2A0144_web.jpg\"\n               data-thumbnail=\"https:\/\/ferienwohnungenverwaltung-thiesen.de\/wp-content\/gallery\/wohnung-11\/thumbs\/thumbs_6A2A0144_web.jpg\"\n               data-image-id=\"646\"\n               data-title=\"6A2A0144_web\"\n               data-description=\"Marc F\u00f6hr\"\n               data-image-slug=\"6a2a0144_web\"\n               class=\"ngg-fancybox\" rel=\"21332e7508e5229494be209530d9bdaf\">\n                <img decoding=\"async\" loading=\"lazy\"\n                    title=\"6A2A0144_web\"\n                    alt=\"6A2A0144_web\"\n                    src=\"https:\/\/ferienwohnungenverwaltung-thiesen.de\/wp-content\/gallery\/wohnung-11\/thumbs\/thumbs_6A2A0144_web.jpg\"\n                    width=\"240\"\n                    height=\"160\"\n                    style=\"max-width:100%;\"\n                \/>\n            <\/a>\n        <\/div>\n\t\t\t\t\t\t\t<\/div> \n\t\t\t\n        \n\t\t\t\t<div id=\"ngg-image-6\" class=\"ngg-gallery-thumbnail-box\" >\n\t\t\t\t        <div class=\"ngg-gallery-thumbnail\">\n            <a href=\"https:\/\/ferienwohnungenverwaltung-thiesen.de\/wp-content\/gallery\/wohnung-11\/6A2A0146_web.jpg\"\n               title=\"Marc F\u00f6hr\"\n               data-src=\"https:\/\/ferienwohnungenverwaltung-thiesen.de\/wp-content\/gallery\/wohnung-11\/6A2A0146_web.jpg\"\n               data-thumbnail=\"https:\/\/ferienwohnungenverwaltung-thiesen.de\/wp-content\/gallery\/wohnung-11\/thumbs\/thumbs_6A2A0146_web.jpg\"\n               data-image-id=\"647\"\n               data-title=\"6A2A0146_web\"\n               data-description=\"Marc F\u00f6hr\"\n               data-image-slug=\"6a2a0146_web\"\n               class=\"ngg-fancybox\" rel=\"21332e7508e5229494be209530d9bdaf\">\n                <img decoding=\"async\" loading=\"lazy\"\n                    title=\"6A2A0146_web\"\n                    alt=\"6A2A0146_web\"\n                    src=\"https:\/\/ferienwohnungenverwaltung-thiesen.de\/wp-content\/gallery\/wohnung-11\/thumbs\/thumbs_6A2A0146_web.jpg\"\n                    width=\"240\"\n                    height=\"160\"\n                    style=\"max-width:100%;\"\n                \/>\n            <\/a>\n        <\/div>\n\t\t\t\t\t\t\t<\/div> \n\t\t\t\n        \n\t\t\t\t<div id=\"ngg-image-7\" class=\"ngg-gallery-thumbnail-box\" >\n\t\t\t\t        <div class=\"ngg-gallery-thumbnail\">\n            <a href=\"https:\/\/ferienwohnungenverwaltung-thiesen.de\/wp-content\/gallery\/wohnung-11\/6A2A0147_web.jpg\"\n               title=\"Marc F\u00f6hr\"\n               data-src=\"https:\/\/ferienwohnungenverwaltung-thiesen.de\/wp-content\/gallery\/wohnung-11\/6A2A0147_web.jpg\"\n               data-thumbnail=\"https:\/\/ferienwohnungenverwaltung-thiesen.de\/wp-content\/gallery\/wohnung-11\/thumbs\/thumbs_6A2A0147_web.jpg\"\n               data-image-id=\"648\"\n               data-title=\"6A2A0147_web\"\n               data-description=\"Marc F\u00f6hr\"\n               data-image-slug=\"6a2a0147_web\"\n               class=\"ngg-fancybox\" rel=\"21332e7508e5229494be209530d9bdaf\">\n                <img decoding=\"async\" loading=\"lazy\"\n                    title=\"6A2A0147_web\"\n                    alt=\"6A2A0147_web\"\n                    src=\"https:\/\/ferienwohnungenverwaltung-thiesen.de\/wp-content\/gallery\/wohnung-11\/thumbs\/thumbs_6A2A0147_web.jpg\"\n                    width=\"240\"\n                    height=\"160\"\n                    style=\"max-width:100%;\"\n                \/>\n            <\/a>\n        <\/div>\n\t\t\t\t\t\t\t<\/div> \n\t\t\t\n        \n\t\t\t\t<div id=\"ngg-image-8\" class=\"ngg-gallery-thumbnail-box\" >\n\t\t\t\t        <div class=\"ngg-gallery-thumbnail\">\n            <a href=\"https:\/\/ferienwohnungenverwaltung-thiesen.de\/wp-content\/gallery\/wohnung-11\/6A2A0148_web.jpg\"\n               title=\"Marc F\u00f6hr\"\n               data-src=\"https:\/\/ferienwohnungenverwaltung-thiesen.de\/wp-content\/gallery\/wohnung-11\/6A2A0148_web.jpg\"\n               data-thumbnail=\"https:\/\/ferienwohnungenverwaltung-thiesen.de\/wp-content\/gallery\/wohnung-11\/thumbs\/thumbs_6A2A0148_web.jpg\"\n               data-image-id=\"649\"\n               data-title=\"6A2A0148_web\"\n               data-description=\"Marc F\u00f6hr\"\n               data-image-slug=\"6a2a0148_web\"\n               class=\"ngg-fancybox\" rel=\"21332e7508e5229494be209530d9bdaf\">\n                <img decoding=\"async\" loading=\"lazy\"\n                    title=\"6A2A0148_web\"\n                    alt=\"6A2A0148_web\"\n                    src=\"https:\/\/ferienwohnungenverwaltung-thiesen.de\/wp-content\/gallery\/wohnung-11\/thumbs\/thumbs_6A2A0148_web.jpg\"\n                    width=\"240\"\n                    height=\"160\"\n                    style=\"max-width:100%;\"\n                \/>\n            <\/a>\n        <\/div>\n\t\t\t\t\t\t\t<\/div> \n\t\t\t\n        \n\t\t\t\t<div id=\"ngg-image-9\" class=\"ngg-gallery-thumbnail-box\" >\n\t\t\t\t        <div class=\"ngg-gallery-thumbnail\">\n            <a href=\"https:\/\/ferienwohnungenverwaltung-thiesen.de\/wp-content\/gallery\/wohnung-11\/6A2A0149_web.jpg\"\n               title=\"Marc F\u00f6hr\"\n               data-src=\"https:\/\/ferienwohnungenverwaltung-thiesen.de\/wp-content\/gallery\/wohnung-11\/6A2A0149_web.jpg\"\n               data-thumbnail=\"https:\/\/ferienwohnungenverwaltung-thiesen.de\/wp-content\/gallery\/wohnung-11\/thumbs\/thumbs_6A2A0149_web.jpg\"\n               data-image-id=\"650\"\n               data-title=\"6A2A0149_web\"\n               data-description=\"Marc F\u00f6hr\"\n               data-image-slug=\"6a2a0149_web\"\n               class=\"ngg-fancybox\" rel=\"21332e7508e5229494be209530d9bdaf\">\n                <img decoding=\"async\" loading=\"lazy\"\n                    title=\"6A2A0149_web\"\n                    alt=\"6A2A0149_web\"\n                    src=\"https:\/\/ferienwohnungenverwaltung-thiesen.de\/wp-content\/gallery\/wohnung-11\/thumbs\/thumbs_6A2A0149_web.jpg\"\n                    width=\"240\"\n                    height=\"160\"\n                    style=\"max-width:100%;\"\n                \/>\n            <\/a>\n        <\/div>\n\t\t\t\t\t\t\t<\/div> \n\t\t\t\n        \n\t\t\t\t<div id=\"ngg-image-10\" class=\"ngg-gallery-thumbnail-box\" >\n\t\t\t\t        <div class=\"ngg-gallery-thumbnail\">\n            <a href=\"https:\/\/ferienwohnungenverwaltung-thiesen.de\/wp-content\/gallery\/wohnung-11\/6A2A0152_web.jpg\"\n               title=\"Marc F\u00f6hr\"\n               data-src=\"https:\/\/ferienwohnungenverwaltung-thiesen.de\/wp-content\/gallery\/wohnung-11\/6A2A0152_web.jpg\"\n               data-thumbnail=\"https:\/\/ferienwohnungenverwaltung-thiesen.de\/wp-content\/gallery\/wohnung-11\/thumbs\/thumbs_6A2A0152_web.jpg\"\n               data-image-id=\"651\"\n               data-title=\"6A2A0152_web\"\n               data-description=\"Marc F\u00f6hr\"\n               data-image-slug=\"6a2a0152_web\"\n               class=\"ngg-fancybox\" rel=\"21332e7508e5229494be209530d9bdaf\">\n                <img decoding=\"async\" loading=\"lazy\"\n                    title=\"6A2A0152_web\"\n                    alt=\"6A2A0152_web\"\n                    src=\"https:\/\/ferienwohnungenverwaltung-thiesen.de\/wp-content\/gallery\/wohnung-11\/thumbs\/thumbs_6A2A0152_web.jpg\"\n                    width=\"240\"\n                    height=\"160\"\n                    style=\"max-width:100%;\"\n                \/>\n            <\/a>\n        <\/div>\n\t\t\t\t\t\t\t<\/div> \n\t\t\t\n        \n\t\t\t\t<div id=\"ngg-image-11\" class=\"ngg-gallery-thumbnail-box\" >\n\t\t\t\t        <div class=\"ngg-gallery-thumbnail\">\n            <a href=\"https:\/\/ferienwohnungenverwaltung-thiesen.de\/wp-content\/gallery\/wohnung-11\/6A2A0153_web.jpg\"\n               title=\"Marc F\u00f6hr\"\n               data-src=\"https:\/\/ferienwohnungenverwaltung-thiesen.de\/wp-content\/gallery\/wohnung-11\/6A2A0153_web.jpg\"\n               data-thumbnail=\"https:\/\/ferienwohnungenverwaltung-thiesen.de\/wp-content\/gallery\/wohnung-11\/thumbs\/thumbs_6A2A0153_web.jpg\"\n               data-image-id=\"652\"\n               data-title=\"6A2A0153_web\"\n               data-description=\"Marc F\u00f6hr\"\n               data-image-slug=\"6a2a0153_web\"\n               class=\"ngg-fancybox\" rel=\"21332e7508e5229494be209530d9bdaf\">\n                <img decoding=\"async\" loading=\"lazy\"\n                    title=\"6A2A0153_web\"\n                    alt=\"6A2A0153_web\"\n                    src=\"https:\/\/ferienwohnungenverwaltung-thiesen.de\/wp-content\/gallery\/wohnung-11\/thumbs\/thumbs_6A2A0153_web.jpg\"\n                    width=\"240\"\n                    height=\"160\"\n                    style=\"max-width:100%;\"\n                \/>\n            <\/a>\n        <\/div>\n\t\t\t\t\t\t\t<\/div> \n\t\t\t\n        \n\t\t\t\t<div id=\"ngg-image-12\" class=\"ngg-gallery-thumbnail-box\" >\n\t\t\t\t        <div class=\"ngg-gallery-thumbnail\">\n            <a href=\"https:\/\/ferienwohnungenverwaltung-thiesen.de\/wp-content\/gallery\/wohnung-11\/6A2A0154_web.jpg\"\n               title=\"Marc F\u00f6hr\"\n               data-src=\"https:\/\/ferienwohnungenverwaltung-thiesen.de\/wp-content\/gallery\/wohnung-11\/6A2A0154_web.jpg\"\n               data-thumbnail=\"https:\/\/ferienwohnungenverwaltung-thiesen.de\/wp-content\/gallery\/wohnung-11\/thumbs\/thumbs_6A2A0154_web.jpg\"\n               data-image-id=\"653\"\n               data-title=\"6A2A0154_web\"\n               data-description=\"Marc F\u00f6hr\"\n               data-image-slug=\"6a2a0154_web\"\n               class=\"ngg-fancybox\" rel=\"21332e7508e5229494be209530d9bdaf\">\n                <img decoding=\"async\" loading=\"lazy\"\n                    title=\"6A2A0154_web\"\n                    alt=\"6A2A0154_web\"\n                    src=\"https:\/\/ferienwohnungenverwaltung-thiesen.de\/wp-content\/gallery\/wohnung-11\/thumbs\/thumbs_6A2A0154_web.jpg\"\n                    width=\"240\"\n                    height=\"160\"\n                    style=\"max-width:100%;\"\n                \/>\n            <\/a>\n        <\/div>\n\t\t\t\t\t\t\t<\/div> \n\t\t\t\n        \n\t\t\t\t<div id=\"ngg-image-13\" class=\"ngg-gallery-thumbnail-box\" >\n\t\t\t\t        <div class=\"ngg-gallery-thumbnail\">\n            <a href=\"https:\/\/ferienwohnungenverwaltung-thiesen.de\/wp-content\/gallery\/wohnung-11\/6A2A0157_web.jpg\"\n               title=\"Marc F\u00f6hr\"\n               data-src=\"https:\/\/ferienwohnungenverwaltung-thiesen.de\/wp-content\/gallery\/wohnung-11\/6A2A0157_web.jpg\"\n               data-thumbnail=\"https:\/\/ferienwohnungenverwaltung-thiesen.de\/wp-content\/gallery\/wohnung-11\/thumbs\/thumbs_6A2A0157_web.jpg\"\n               data-image-id=\"654\"\n               data-title=\"6A2A0157_web\"\n               data-description=\"Marc F\u00f6hr\"\n               data-image-slug=\"6a2a0157_web\"\n               class=\"ngg-fancybox\" rel=\"21332e7508e5229494be209530d9bdaf\">\n                <img decoding=\"async\" loading=\"lazy\"\n                    title=\"6A2A0157_web\"\n                    alt=\"6A2A0157_web\"\n                    src=\"https:\/\/ferienwohnungenverwaltung-thiesen.de\/wp-content\/gallery\/wohnung-11\/thumbs\/thumbs_6A2A0157_web.jpg\"\n                    width=\"240\"\n                    height=\"160\"\n                    style=\"max-width:100%;\"\n                \/>\n            <\/a>\n        <\/div>\n\t\t\t\t\t\t\t<\/div> \n\t\t\t\n        \n\t\t\t\t<div id=\"ngg-image-14\" class=\"ngg-gallery-thumbnail-box\" >\n\t\t\t\t        <div class=\"ngg-gallery-thumbnail\">\n            <a href=\"https:\/\/ferienwohnungenverwaltung-thiesen.de\/wp-content\/gallery\/wohnung-11\/6A2A0159_web.jpg\"\n               title=\"Marc F\u00f6hr\"\n               data-src=\"https:\/\/ferienwohnungenverwaltung-thiesen.de\/wp-content\/gallery\/wohnung-11\/6A2A0159_web.jpg\"\n               data-thumbnail=\"https:\/\/ferienwohnungenverwaltung-thiesen.de\/wp-content\/gallery\/wohnung-11\/thumbs\/thumbs_6A2A0159_web.jpg\"\n               data-image-id=\"655\"\n               data-title=\"6A2A0159_web\"\n               data-description=\"Marc F\u00f6hr\"\n               data-image-slug=\"6a2a0159_web\"\n               class=\"ngg-fancybox\" rel=\"21332e7508e5229494be209530d9bdaf\">\n                <img decoding=\"async\" loading=\"lazy\"\n                    title=\"6A2A0159_web\"\n                    alt=\"6A2A0159_web\"\n                    src=\"https:\/\/ferienwohnungenverwaltung-thiesen.de\/wp-content\/gallery\/wohnung-11\/thumbs\/thumbs_6A2A0159_web.jpg\"\n                    width=\"240\"\n                    height=\"160\"\n                    style=\"max-width:100%;\"\n                \/>\n            <\/a>\n        <\/div>\n\t\t\t\t\t\t\t<\/div> \n\t\t\t\n        \n\t\t\n\t\t<!-- Pagination -->\n\t<div class='ngg-clear'><\/div>\t<\/div>\n<\/p><p><b><u>Wohnung Nr. 15, 3. Etage, 2 -4 Personen <\/u><\/b><\/p><p><b><u>Ausstattung:<\/u><\/b><\/p><p>2 Schlafzimmer mit Doppelbett (1 x 1,80 x 2,00 m)<\/p><p>Wohn- \/Essraum mit K\u00fcche<\/p><p>1 kleines Badezimmer mit ebenerdiger Dusche und WC<\/p><p>1 weiteres kleines Badezimmer mit Dusche und WC<\/p><p>Balkon<\/p><p>WLAN<\/p><p><!-- index.php -->\n<div\n\tclass=\"ngg-galleryoverview ngg-ajax-pagination-none\"\n\tid=\"ngg-gallery-fc8b326817368d2709fba5c0ba0da9f5-1\">\n\n    \t<div class=\"slideshowlink\">\n        <a href='https:\/\/ferienwohnungenverwaltung-thiesen.de\/index.php\/nggallery\/slideshow?page_id=91'>[Zeige eine Slideshow]<\/a>\n\t\t\n\t<\/div>\n\t\t\t<!-- Thumbnails -->\n\t\t\t\t<div id=\"ngg-image-0\" class=\"ngg-gallery-thumbnail-box\" >\n\t\t\t\t        <div class=\"ngg-gallery-thumbnail\">\n            <a href=\"https:\/\/ferienwohnungenverwaltung-thiesen.de\/wp-content\/gallery\/nr-15\/aussenanschicht-der-rueckseite-mit-dem-umlaufenden-balkon.jpg\"\n               title=\"\"\n               data-src=\"https:\/\/ferienwohnungenverwaltung-thiesen.de\/wp-content\/gallery\/nr-15\/aussenanschicht-der-rueckseite-mit-dem-umlaufenden-balkon.jpg\"\n               data-thumbnail=\"https:\/\/ferienwohnungenverwaltung-thiesen.de\/wp-content\/gallery\/nr-15\/thumbs\/thumbs_aussenanschicht-der-rueckseite-mit-dem-umlaufenden-balkon.jpg\"\n               data-image-id=\"1647\"\n               data-title=\"aussenanschicht-der-rueckseite-mit-dem-umlaufenden-balkon\"\n               data-description=\"\"\n               data-image-slug=\"aussenanschicht-der-rueckseite-mit-dem-umlaufenden-balkon\"\n               class=\"ngg-fancybox\" rel=\"fc8b326817368d2709fba5c0ba0da9f5\">\n                <img decoding=\"async\" loading=\"lazy\"\n                    title=\"aussenanschicht-der-rueckseite-mit-dem-umlaufenden-balkon\"\n                    alt=\"aussenanschicht-der-rueckseite-mit-dem-umlaufenden-balkon\"\n                    src=\"https:\/\/ferienwohnungenverwaltung-thiesen.de\/wp-content\/gallery\/nr-15\/thumbs\/thumbs_aussenanschicht-der-rueckseite-mit-dem-umlaufenden-balkon.jpg\"\n                    width=\"168\"\n                    height=\"126\"\n                    style=\"max-width:100%;\"\n                \/>\n            <\/a>\n        <\/div>\n\t\t\t\t\t\t\t<\/div> \n\t\t\t\n        \n\t\t\t\t<div id=\"ngg-image-1\" class=\"ngg-gallery-thumbnail-box\" >\n\t\t\t\t        <div class=\"ngg-gallery-thumbnail\">\n            <a href=\"https:\/\/ferienwohnungenverwaltung-thiesen.de\/wp-content\/gallery\/nr-15\/bad-1.jpg\"\n               title=\"\"\n               data-src=\"https:\/\/ferienwohnungenverwaltung-thiesen.de\/wp-content\/gallery\/nr-15\/bad-1.jpg\"\n               data-thumbnail=\"https:\/\/ferienwohnungenverwaltung-thiesen.de\/wp-content\/gallery\/nr-15\/thumbs\/thumbs_bad-1.jpg\"\n               data-image-id=\"1648\"\n               data-title=\"bad-1\"\n               data-description=\"\"\n               data-image-slug=\"bad-1\"\n               class=\"ngg-fancybox\" rel=\"fc8b326817368d2709fba5c0ba0da9f5\">\n                <img decoding=\"async\" loading=\"lazy\"\n                    title=\"bad-1\"\n                    alt=\"bad-1\"\n                    src=\"https:\/\/ferienwohnungenverwaltung-thiesen.de\/wp-content\/gallery\/nr-15\/thumbs\/thumbs_bad-1.jpg\"\n                    width=\"168\"\n                    height=\"126\"\n                    style=\"max-width:100%;\"\n                \/>\n            <\/a>\n        <\/div>\n\t\t\t\t\t\t\t<\/div> \n\t\t\t\n        \n\t\t\t\t<div id=\"ngg-image-2\" class=\"ngg-gallery-thumbnail-box\" >\n\t\t\t\t        <div class=\"ngg-gallery-thumbnail\">\n            <a href=\"https:\/\/ferienwohnungenverwaltung-thiesen.de\/wp-content\/gallery\/nr-15\/bad-2.jpg\"\n               title=\"\"\n               data-src=\"https:\/\/ferienwohnungenverwaltung-thiesen.de\/wp-content\/gallery\/nr-15\/bad-2.jpg\"\n               data-thumbnail=\"https:\/\/ferienwohnungenverwaltung-thiesen.de\/wp-content\/gallery\/nr-15\/thumbs\/thumbs_bad-2.jpg\"\n               data-image-id=\"1649\"\n               data-title=\"bad-2\"\n               data-description=\"\"\n               data-image-slug=\"bad-2\"\n               class=\"ngg-fancybox\" rel=\"fc8b326817368d2709fba5c0ba0da9f5\">\n                <img decoding=\"async\" loading=\"lazy\"\n                    title=\"bad-2\"\n                    alt=\"bad-2\"\n                    src=\"https:\/\/ferienwohnungenverwaltung-thiesen.de\/wp-content\/gallery\/nr-15\/thumbs\/thumbs_bad-2.jpg\"\n                    width=\"168\"\n                    height=\"126\"\n                    style=\"max-width:100%;\"\n                \/>\n            <\/a>\n        <\/div>\n\t\t\t\t\t\t\t<\/div> \n\t\t\t\n        \n\t\t\t\t<div id=\"ngg-image-3\" class=\"ngg-gallery-thumbnail-box\" >\n\t\t\t\t        <div class=\"ngg-gallery-thumbnail\">\n            <a href=\"https:\/\/ferienwohnungenverwaltung-thiesen.de\/wp-content\/gallery\/nr-15\/blick-vom-balkon.jpg\"\n               title=\"\"\n               data-src=\"https:\/\/ferienwohnungenverwaltung-thiesen.de\/wp-content\/gallery\/nr-15\/blick-vom-balkon.jpg\"\n               data-thumbnail=\"https:\/\/ferienwohnungenverwaltung-thiesen.de\/wp-content\/gallery\/nr-15\/thumbs\/thumbs_blick-vom-balkon.jpg\"\n               data-image-id=\"1650\"\n               data-title=\"blick-vom-balkon\"\n               data-description=\"\"\n               data-image-slug=\"blick-vom-balkon\"\n               class=\"ngg-fancybox\" rel=\"fc8b326817368d2709fba5c0ba0da9f5\">\n                <img decoding=\"async\" loading=\"lazy\"\n                    title=\"blick-vom-balkon\"\n                    alt=\"blick-vom-balkon\"\n                    src=\"https:\/\/ferienwohnungenverwaltung-thiesen.de\/wp-content\/gallery\/nr-15\/thumbs\/thumbs_blick-vom-balkon.jpg\"\n                    width=\"168\"\n                    height=\"126\"\n                    style=\"max-width:100%;\"\n                \/>\n            <\/a>\n        <\/div>\n\t\t\t\t\t\t\t<\/div> \n\t\t\t\n        \n\t\t\t\t<div id=\"ngg-image-4\" class=\"ngg-gallery-thumbnail-box\" >\n\t\t\t\t        <div class=\"ngg-gallery-thumbnail\">\n            <a href=\"https:\/\/ferienwohnungenverwaltung-thiesen.de\/wp-content\/gallery\/nr-15\/essecke.jpg\"\n               title=\"\"\n               data-src=\"https:\/\/ferienwohnungenverwaltung-thiesen.de\/wp-content\/gallery\/nr-15\/essecke.jpg\"\n               data-thumbnail=\"https:\/\/ferienwohnungenverwaltung-thiesen.de\/wp-content\/gallery\/nr-15\/thumbs\/thumbs_essecke.jpg\"\n               data-image-id=\"1651\"\n               data-title=\"essecke\"\n               data-description=\"\"\n               data-image-slug=\"essecke\"\n               class=\"ngg-fancybox\" rel=\"fc8b326817368d2709fba5c0ba0da9f5\">\n                <img decoding=\"async\" loading=\"lazy\"\n                    title=\"essecke\"\n                    alt=\"essecke\"\n                    src=\"https:\/\/ferienwohnungenverwaltung-thiesen.de\/wp-content\/gallery\/nr-15\/thumbs\/thumbs_essecke.jpg\"\n                    width=\"168\"\n                    height=\"126\"\n                    style=\"max-width:100%;\"\n                \/>\n            <\/a>\n        <\/div>\n\t\t\t\t\t\t\t<\/div> \n\t\t\t\n        \n\t\t\t\t<div id=\"ngg-image-5\" class=\"ngg-gallery-thumbnail-box\" >\n\t\t\t\t        <div class=\"ngg-gallery-thumbnail\">\n            <a href=\"https:\/\/ferienwohnungenverwaltung-thiesen.de\/wp-content\/gallery\/nr-15\/kueche.jpg\"\n               title=\"\"\n               data-src=\"https:\/\/ferienwohnungenverwaltung-thiesen.de\/wp-content\/gallery\/nr-15\/kueche.jpg\"\n               data-thumbnail=\"https:\/\/ferienwohnungenverwaltung-thiesen.de\/wp-content\/gallery\/nr-15\/thumbs\/thumbs_kueche.jpg\"\n               data-image-id=\"1652\"\n               data-title=\"kueche\"\n               data-description=\"\"\n               data-image-slug=\"kueche\"\n               class=\"ngg-fancybox\" rel=\"fc8b326817368d2709fba5c0ba0da9f5\">\n                <img decoding=\"async\" loading=\"lazy\"\n                    title=\"kueche\"\n                    alt=\"kueche\"\n                    src=\"https:\/\/ferienwohnungenverwaltung-thiesen.de\/wp-content\/gallery\/nr-15\/thumbs\/thumbs_kueche.jpg\"\n                    width=\"168\"\n                    height=\"126\"\n                    style=\"max-width:100%;\"\n                \/>\n            <\/a>\n        <\/div>\n\t\t\t\t\t\t\t<\/div> \n\t\t\t\n        \n\t\t\t\t<div id=\"ngg-image-6\" class=\"ngg-gallery-thumbnail-box\" >\n\t\t\t\t        <div class=\"ngg-gallery-thumbnail\">\n            <a href=\"https:\/\/ferienwohnungenverwaltung-thiesen.de\/wp-content\/gallery\/nr-15\/schlafzimmer-1.jpg\"\n               title=\"\"\n               data-src=\"https:\/\/ferienwohnungenverwaltung-thiesen.de\/wp-content\/gallery\/nr-15\/schlafzimmer-1.jpg\"\n               data-thumbnail=\"https:\/\/ferienwohnungenverwaltung-thiesen.de\/wp-content\/gallery\/nr-15\/thumbs\/thumbs_schlafzimmer-1.jpg\"\n               data-image-id=\"1653\"\n               data-title=\"schlafzimmer-1\"\n               data-description=\"\"\n               data-image-slug=\"schlafzimmer-1\"\n               class=\"ngg-fancybox\" rel=\"fc8b326817368d2709fba5c0ba0da9f5\">\n                <img decoding=\"async\" loading=\"lazy\"\n                    title=\"schlafzimmer-1\"\n                    alt=\"schlafzimmer-1\"\n                    src=\"https:\/\/ferienwohnungenverwaltung-thiesen.de\/wp-content\/gallery\/nr-15\/thumbs\/thumbs_schlafzimmer-1.jpg\"\n                    width=\"168\"\n                    height=\"126\"\n                    style=\"max-width:100%;\"\n                \/>\n            <\/a>\n        <\/div>\n\t\t\t\t\t\t\t<\/div> \n\t\t\t\n        \n\t\t\t\t<div id=\"ngg-image-7\" class=\"ngg-gallery-thumbnail-box\" >\n\t\t\t\t        <div class=\"ngg-gallery-thumbnail\">\n            <a href=\"https:\/\/ferienwohnungenverwaltung-thiesen.de\/wp-content\/gallery\/nr-15\/schlafzimmer-2.jpg\"\n               title=\"\"\n               data-src=\"https:\/\/ferienwohnungenverwaltung-thiesen.de\/wp-content\/gallery\/nr-15\/schlafzimmer-2.jpg\"\n               data-thumbnail=\"https:\/\/ferienwohnungenverwaltung-thiesen.de\/wp-content\/gallery\/nr-15\/thumbs\/thumbs_schlafzimmer-2.jpg\"\n               data-image-id=\"1654\"\n               data-title=\"schlafzimmer-2\"\n               data-description=\"\"\n               data-image-slug=\"schlafzimmer-2\"\n               class=\"ngg-fancybox\" rel=\"fc8b326817368d2709fba5c0ba0da9f5\">\n                <img decoding=\"async\" loading=\"lazy\"\n                    title=\"schlafzimmer-2\"\n                    alt=\"schlafzimmer-2\"\n                    src=\"https:\/\/ferienwohnungenverwaltung-thiesen.de\/wp-content\/gallery\/nr-15\/thumbs\/thumbs_schlafzimmer-2.jpg\"\n                    width=\"168\"\n                    height=\"126\"\n                    style=\"max-width:100%;\"\n                \/>\n            <\/a>\n        <\/div>\n\t\t\t\t\t\t\t<\/div> \n\t\t\t\n        \n\t\t\t\t<div id=\"ngg-image-8\" class=\"ngg-gallery-thumbnail-box\" >\n\t\t\t\t        <div class=\"ngg-gallery-thumbnail\">\n            <a href=\"https:\/\/ferienwohnungenverwaltung-thiesen.de\/wp-content\/gallery\/nr-15\/wohnzimmer-mit-blick-auf-das-moseltal-und-burgruine.jpg\"\n               title=\"\"\n               data-src=\"https:\/\/ferienwohnungenverwaltung-thiesen.de\/wp-content\/gallery\/nr-15\/wohnzimmer-mit-blick-auf-das-moseltal-und-burgruine.jpg\"\n               data-thumbnail=\"https:\/\/ferienwohnungenverwaltung-thiesen.de\/wp-content\/gallery\/nr-15\/thumbs\/thumbs_wohnzimmer-mit-blick-auf-das-moseltal-und-burgruine.jpg\"\n               data-image-id=\"1655\"\n               data-title=\"wohnzimmer-mit-blick-auf-das-moseltal-und-burgruine\"\n               data-description=\"\"\n               data-image-slug=\"wohnzimmer-mit-blick-auf-das-moseltal-und-burgruine\"\n               class=\"ngg-fancybox\" rel=\"fc8b326817368d2709fba5c0ba0da9f5\">\n                <img decoding=\"async\" loading=\"lazy\"\n                    title=\"wohnzimmer-mit-blick-auf-das-moseltal-und-burgruine\"\n                    alt=\"wohnzimmer-mit-blick-auf-das-moseltal-und-burgruine\"\n                    src=\"https:\/\/ferienwohnungenverwaltung-thiesen.de\/wp-content\/gallery\/nr-15\/thumbs\/thumbs_wohnzimmer-mit-blick-auf-das-moseltal-und-burgruine.jpg\"\n                    width=\"168\"\n                    height=\"126\"\n                    style=\"max-width:100%;\"\n                \/>\n            <\/a>\n        <\/div>\n\t\t\t\t\t\t\t<\/div> \n\t\t\t\n        \n\t\t\n\t\t<!-- Pagination -->\n\t<div class='ngg-clear'><\/div>\t<\/div>\n<\/p>\t\t\t\t\t\t<\/div>\n\t\t\t\t<\/div>\n\t\t\t\t\t<\/div>\n\t\t<\/div>\n\t\t\t\t\t\t\t<\/div>\n\t\t<\/section>\n\t\t\t\t<section class=\"elementor-section elementor-top-section elementor-element elementor-element-b990480 elementor-section-boxed elementor-section-height-default elementor-section-height-default\" data-id=\"b990480\" data-element_type=\"section\">\n\t\t\t\t\t\t<div class=\"elementor-container elementor-column-gap-default\">\n\t\t\t\t\t<div class=\"elementor-column elementor-col-100 elementor-top-column elementor-element elementor-element-28dfba0\" data-id=\"28dfba0\" data-element_type=\"column\">\n\t\t\t<div class=\"elementor-widget-wrap elementor-element-populated\">\n\t\t\t\t\t\t\t\t<div class=\"elementor-element elementor-element-f4fa358 elementor-widget elementor-widget-shortcode\" data-id=\"f4fa358\" data-element_type=\"widget\" data-widget_type=\"shortcode.default\">\n\t\t\t\t<div class=\"elementor-widget-container\">\n\t\t\t\t\t<div class=\"elementor-shortcode\">                        \n<div id=\"pricesFrame\"><\/div>\n<script type=\"text\/javascript\" src=\"\/\/www.easy-booking.at\/ebPlugins\/prices\/jquery.easybooking.pricelist.v2.js\"><\/script>\n<script type=\"text\/javascript\">\nfunction ebPricesLoadedCheck() {\n    if(typeof jQuery != \"undefined\") {\n        if(jQuery.fn.ebPricelist) {\n            jQuery(\"#pricesFrame\").ebPricelist({\n                customerId: 5056,\n                serialNo: \"8770-9186-9623\",\n                localeId: 2,\n                loadCSS : true,\n                arrivalDate : \"\",\n                category : \"6,5,4,3,1,48\",\n                showAvailability: true,\n                enquiryPage : \"popup\",\n                bookingPage : \"popup\",\n                bookingEngine: 2\n            });\n        } else{setTimeout(ebPricesLoadedCheck,200);}\n    }else{setTimeout(ebPricesLoadedCheck,200);}\n}\nebPricesLoadedCheck();\n<\/script>\n\n                        \n\n            <\/div>\n\t\t\t\t<\/div>\n\t\t\t\t<\/div>\n\t\t\t\t\t<\/div>\n\t\t<\/div>\n\t\t\t\t\t\t\t<\/div>\n\t\t<\/section>\n\t\t\t\t\t\t\t<\/div>\n\t\t","protected":false},"excerpt":{"rendered":"<p>\u00a0 ALTE BRAUEREI 6 traumhafte, moderne Ferienwohnungen mit einzigartigem Moselpanorama am Stadtrand von Bernkastel. Jede Wohnung verf\u00fcgt \u00fcber einen Tiefgaragen-Stellplatz. Andeler Weg 4 54470 Bernkastel-Kues Mindestbelegung 5 N\u00e4chte in der Hauptsaison.\u00a0 K\u00fcrzere Aufenthalte nur auf Anfrage m\u00f6glich.\u00a0 Wohnung Nr. 3, 1. Etage, 2 \u2013 4 Personen Ausstattung: 2 Schlafzimmer mit Doppelbett (1 x 1,60 x [&hellip;]<\/p>\n","protected":false},"author":1,"featured_media":0,"parent":85,"menu_order":0,"comment_status":"closed","ping_status":"closed","template":"elementor_header_footer","meta":{"ngg_post_thumbnail":0},"_links":{"self":[{"href":"https:\/\/ferienwohnungenverwaltung-thiesen.de\/index.php?rest_route=\/wp\/v2\/pages\/91"}],"collection":[{"href":"https:\/\/ferienwohnungenverwaltung-thiesen.de\/index.php?rest_route=\/wp\/v2\/pages"}],"about":[{"href":"https:\/\/ferienwohnungenverwaltung-thiesen.de\/index.php?rest_route=\/wp\/v2\/types\/page"}],"author":[{"embeddable":true,"href":"https:\/\/ferienwohnungenverwaltung-thiesen.de\/index.php?rest_route=\/wp\/v2\/users\/1"}],"replies":[{"embeddable":true,"href":"https:\/\/ferienwohnungenverwaltung-thiesen.de\/index.php?rest_route=%2Fwp%2Fv2%2Fcomments&post=91"}],"version-history":[{"count":97,"href":"https:\/\/ferienwohnungenverwaltung-thiesen.de\/index.php?rest_route=\/wp\/v2\/pages\/91\/revisions"}],"predecessor-version":[{"id":4936,"href":"https:\/\/ferienwohnungenverwaltung-thiesen.de\/index.php?rest_route=\/wp\/v2\/pages\/91\/revisions\/4936"}],"up":[{"embeddable":true,"href":"https:\/\/ferienwohnungenverwaltung-thiesen.de\/index.php?rest_route=\/wp\/v2\/pages\/85"}],"wp:attachment":[{"href":"https:\/\/ferienwohnungenverwaltung-thiesen.de\/index.php?rest_route=%2Fwp%2Fv2%2Fmedia&parent=91"}],"curies":[{"name":"wp","href":"https:\/\/api.w.org\/{rel}","templated":true}]}}